{"id":313197,"date":"2024-01-15T16:49:28","date_gmt":"2024-01-15T15:49:28","guid":{"rendered":"https:\/\/www.colorama.pt\/?page_id=313197"},"modified":"2025-10-02T09:51:37","modified_gmt":"2025-10-02T08:51:37","slug":"fotografia-produto-0","status":"publish","type":"page","link":"https:\/\/www.colorama.pt\/en\/fotografia-produto-0\/","title":{"rendered":"FOTOGRAFIA PRODUTO (antigo)"},"content":{"rendered":"<p>[et_pb_section fb_built=&#8221;1&#8243; _builder_version=&#8221;4.23.4&#8243; _module_preset=&#8221;default&#8221; animation_style=&#8221;none&#8221; locked=&#8221;off&#8221; global_colors_info=&#8221;{}&#8221;][et_pb_row _builder_version=&#8221;4.22.2&#8243; _module_preset=&#8221;default&#8221; global_colors_info=&#8221;{}&#8221;][et_pb_column type=&#8221;4_4&#8243; _builder_version=&#8221;4.22.2&#8243; _module_preset=&#8221;default&#8221; global_colors_info=&#8221;{}&#8221;][et_pb_text _builder_version=&#8221;4.23.4&#8243; _module_preset=&#8221;default&#8221; custom_margin=&#8221;-30px||||false|false&#8221; custom_padding=&#8221;0px||||false|false&#8221; global_colors_info=&#8221;{}&#8221;]<center><\/p>\n<h1 style=\"font-family: Montserrat Regular; font-size: 30px; color: #000000;\">VENHA DESCORIR AS NOSSAS <span style=\"font-family: Montserrat Black;\"> FOTOGRAFIAS<\/span><\/h1>\n<p>[\/et_pb_text][et_pb_divider color=&#8221;#FCC00D&#8221; _builder_version=&#8221;4.23.4&#8243; _module_preset=&#8221;default&#8221; global_colors_info=&#8221;{}&#8221;][\/et_pb_divider][\/et_pb_column][\/et_pb_row][et_pb_row column_structure=&#8221;1_6,1_6,1_6,1_6,1_6,1_6&#8243; disabled_on=&#8221;on|off|off&#8221; _builder_version=&#8221;4.23.1&#8243; _module_preset=&#8221;default&#8221; global_colors_info=&#8221;{}&#8221;][et_pb_column type=&#8221;1_6&#8243; _builder_version=&#8221;4.23&#8243; _module_preset=&#8221;default&#8221; global_colors_info=&#8221;{}&#8221;][et_pb_button button_url=&#8221;https:\/\/www.colorama.pt\/fotografia-0\/&#8221; button_text=&#8221;Todas&#8221; button_alignment=&#8221;center&#8221; _builder_version=&#8221;4.24.0&#8243; _module_preset=&#8221;default&#8221; custom_button=&#8221;on&#8221; button_text_color=&#8221;#000000&#8243; button_border_width=&#8221;0px&#8221; hover_enabled=&#8221;0&#8243; global_colors_info=&#8221;{}&#8221; sticky_enabled=&#8221;0&#8243;][\/et_pb_button][\/et_pb_column][et_pb_column type=&#8221;1_6&#8243; _builder_version=&#8221;4.23&#8243; _module_preset=&#8221;default&#8221; global_colors_info=&#8221;{}&#8221;][et_pb_button button_url=&#8221;https:\/\/www.colorama.pt\/fotografia-espacos-0\/&#8221; button_text=&#8221;Espa\u00e7os&#8221; button_alignment=&#8221;center&#8221; _builder_version=&#8221;4.24.0&#8243; _module_preset=&#8221;default&#8221; custom_button=&#8221;on&#8221; button_text_color=&#8221;#000000&#8243; button_border_width=&#8221;0px&#8221; hover_enabled=&#8221;0&#8243; global_colors_info=&#8221;{}&#8221; sticky_enabled=&#8221;0&#8243;][\/et_pb_button][\/et_pb_column][et_pb_column type=&#8221;1_6&#8243; _builder_version=&#8221;4.23&#8243; _module_preset=&#8221;default&#8221; global_colors_info=&#8221;{}&#8221;][et_pb_button button_url=&#8221;https:\/\/www.colorama.pt\/fotografia-eventos-0\/&#8221; button_text=&#8221;Eventos&#8221; button_alignment=&#8221;center&#8221; _builder_version=&#8221;4.24.0&#8243; _module_preset=&#8221;default&#8221; custom_button=&#8221;on&#8221; button_text_color=&#8221;#000000&#8243; button_border_width=&#8221;0px&#8221; hover_enabled=&#8221;0&#8243; global_colors_info=&#8221;{}&#8221; sticky_enabled=&#8221;0&#8243;][\/et_pb_button][\/et_pb_column][et_pb_column type=&#8221;1_6&#8243; _builder_version=&#8221;4.23&#8243; _module_preset=&#8221;default&#8221; global_colors_info=&#8221;{}&#8221;][et_pb_button button_url=&#8221;https:\/\/www.colorama.pt\/fotografia-institucional-0\/&#8221; button_text=&#8221;Institucional&#8221; button_alignment=&#8221;center&#8221; _builder_version=&#8221;4.24.0&#8243; _module_preset=&#8221;default&#8221; custom_button=&#8221;on&#8221; button_text_color=&#8221;#000000&#8243; button_border_width=&#8221;0px&#8221; hover_enabled=&#8221;0&#8243; global_colors_info=&#8221;{}&#8221; sticky_enabled=&#8221;0&#8243;][\/et_pb_button][\/et_pb_column][et_pb_column type=&#8221;1_6&#8243; _builder_version=&#8221;4.23&#8243; _module_preset=&#8221;default&#8221; global_colors_info=&#8221;{}&#8221;][et_pb_button button_url=&#8221;https:\/\/www.colorama.pt\/fotografia-corporativas-0\/&#8221; button_text=&#8221;Corporativas&#8221; button_alignment=&#8221;center&#8221; _builder_version=&#8221;4.24.0&#8243; _module_preset=&#8221;default&#8221; custom_button=&#8221;on&#8221; button_text_color=&#8221;#000000&#8243; button_border_width=&#8221;0px&#8221; hover_enabled=&#8221;0&#8243; global_colors_info=&#8221;{}&#8221; sticky_enabled=&#8221;0&#8243;][\/et_pb_button][\/et_pb_column][et_pb_column type=&#8221;1_6&#8243; _builder_version=&#8221;4.23&#8243; _module_preset=&#8221;default&#8221; global_colors_info=&#8221;{}&#8221;][et_pb_button button_text=&#8221;PRODUTO&#8221; button_alignment=&#8221;center&#8221; _builder_version=&#8221;4.24.0&#8243; _module_preset=&#8221;default&#8221; custom_button=&#8221;on&#8221; button_text_color=&#8221;#FCC00D&#8221; button_border_width=&#8221;0px&#8221; button_use_icon=&#8221;off&#8221; hover_enabled=&#8221;0&#8243; global_colors_info=&#8221;{}&#8221; sticky_enabled=&#8221;0&#8243;][\/et_pb_button][\/et_pb_column][\/et_pb_row][et_pb_row column_structure=&#8221;1_6,1_6,1_6,1_6,1_6,1_6&#8243; use_custom_gutter=&#8221;on&#8221; gutter_width=&#8221;1&#8243; disabled_on=&#8221;off|on|on&#8221; _builder_version=&#8221;4.23.1&#8243; _module_preset=&#8221;default&#8221; custom_margin=&#8221;-90px||-90px||false|false&#8221; global_colors_info=&#8221;{}&#8221;][et_pb_column type=&#8221;1_6&#8243; _builder_version=&#8221;4.23&#8243; _module_preset=&#8221;default&#8221; global_colors_info=&#8221;{}&#8221;][et_pb_button button_url=&#8221;https:\/\/www.colorama.pt\/fotografia-0\/&#8221; button_text=&#8221;Todas&#8221; button_alignment=&#8221;center&#8221; _builder_version=&#8221;4.24.0&#8243; _module_preset=&#8221;default&#8221; custom_button=&#8221;on&#8221; button_text_color=&#8221;#000000&#8243; button_border_width=&#8221;0px&#8221; hover_enabled=&#8221;0&#8243; global_colors_info=&#8221;{}&#8221; sticky_enabled=&#8221;0&#8243;][\/et_pb_button][\/et_pb_column][et_pb_column type=&#8221;1_6&#8243; _builder_version=&#8221;4.23&#8243; _module_preset=&#8221;default&#8221; global_colors_info=&#8221;{}&#8221;][et_pb_button button_url=&#8221;https:\/\/www.colorama.pt\/fotografia-espacos-0\/&#8221; button_text=&#8221;Espa\u00e7os&#8221; button_alignment=&#8221;center&#8221; _builder_version=&#8221;4.24.0&#8243; _module_preset=&#8221;default&#8221; custom_button=&#8221;on&#8221; button_text_color=&#8221;#000000&#8243; button_border_width=&#8221;0px&#8221; hover_enabled=&#8221;0&#8243; global_colors_info=&#8221;{}&#8221; sticky_enabled=&#8221;0&#8243;][\/et_pb_button][\/et_pb_column][et_pb_column type=&#8221;1_6&#8243; _builder_version=&#8221;4.23&#8243; _module_preset=&#8221;default&#8221; global_colors_info=&#8221;{}&#8221;][et_pb_button button_url=&#8221;https:\/\/www.colorama.pt\/fotografia-eventos-0\/&#8221; button_text=&#8221;Eventos&#8221; button_alignment=&#8221;center&#8221; _builder_version=&#8221;4.24.0&#8243; _module_preset=&#8221;default&#8221; custom_button=&#8221;on&#8221; button_text_color=&#8221;#000000&#8243; button_border_width=&#8221;0px&#8221; hover_enabled=&#8221;0&#8243; global_colors_info=&#8221;{}&#8221; sticky_enabled=&#8221;0&#8243;][\/et_pb_button][\/et_pb_column][et_pb_column type=&#8221;1_6&#8243; _builder_version=&#8221;4.23&#8243; _module_preset=&#8221;default&#8221; global_colors_info=&#8221;{}&#8221;][et_pb_button button_url=&#8221;https:\/\/www.colorama.pt\/fotografia-institucional-0\/&#8221; button_text=&#8221;Institucional&#8221; button_alignment=&#8221;center&#8221; _builder_version=&#8221;4.24.0&#8243; _module_preset=&#8221;default&#8221; custom_button=&#8221;on&#8221; button_text_color=&#8221;#000000&#8243; button_border_width=&#8221;0px&#8221; hover_enabled=&#8221;0&#8243; global_colors_info=&#8221;{}&#8221; sticky_enabled=&#8221;0&#8243;][\/et_pb_button][\/et_pb_column][et_pb_column type=&#8221;1_6&#8243; _builder_version=&#8221;4.23&#8243; _module_preset=&#8221;default&#8221; global_colors_info=&#8221;{}&#8221;][et_pb_button button_url=&#8221;https:\/\/www.colorama.pt\/fotografia-corporativas-0\/&#8221; button_text=&#8221;Corporativas&#8221; button_alignment=&#8221;center&#8221; _builder_version=&#8221;4.24.0&#8243; _module_preset=&#8221;default&#8221; custom_button=&#8221;on&#8221; button_text_color=&#8221;#000000&#8243; button_border_width=&#8221;0px&#8221; hover_enabled=&#8221;0&#8243; global_colors_info=&#8221;{}&#8221; sticky_enabled=&#8221;0&#8243;][\/et_pb_button][\/et_pb_column][et_pb_column type=&#8221;1_6&#8243; _builder_version=&#8221;4.23&#8243; _module_preset=&#8221;default&#8221; global_colors_info=&#8221;{}&#8221;][et_pb_button button_text=&#8221;PRODUTO&#8221; button_alignment=&#8221;center&#8221; _builder_version=&#8221;4.23&#8243; _module_preset=&#8221;default&#8221; custom_button=&#8221;on&#8221; button_text_color=&#8221;#FCC00D&#8221; button_border_width=&#8221;0px&#8221; button_use_icon=&#8221;off&#8221; global_colors_info=&#8221;{}&#8221;][\/et_pb_button][\/et_pb_column][\/et_pb_row][et_pb_row column_structure=&#8221;1_3,1_3,1_3&#8243; _builder_version=&#8221;4.23&#8243; _module_preset=&#8221;default&#8221; global_colors_info=&#8221;{}&#8221;][et_pb_column type=&#8221;1_3&#8243; _builder_version=&#8221;4.23&#8243; _module_preset=&#8221;default&#8221; global_colors_info=&#8221;{}&#8221;][et_pb_image src=&#8221;https:\/\/www.colorama.pt\/wp-content\/uploads\/2023\/10\/OUTSYSTEMS-_-2023-_-7IV06205.jpg&#8221; title_text=&#8221;OUTSYSTEMS _ 2023 _ 7IV06205&#8243; _builder_version=&#8221;4.23&#8243; _module_preset=&#8221;default&#8221; global_colors_info=&#8221;{}&#8221;][\/et_pb_image][et_pb_image src=&#8221;https:\/\/www.colorama.pt\/wp-content\/uploads\/2023\/10\/IFE-CONFERENCIAS-DH-2019-00197.jpg&#8221; title_text=&#8221;IFE | CONFERE\u0302NCIAS DH | 2019-00197&#8243; _builder_version=&#8221;4.23&#8243; _module_preset=&#8221;default&#8221; global_colors_info=&#8221;{}&#8221;][\/et_pb_image][et_pb_image src=&#8221;https:\/\/www.colorama.pt\/wp-content\/uploads\/2023\/10\/IKEA-LIFE-AT-HOME-2023-A7306749.jpg&#8221; title_text=&#8221;IKEA LIFE AT HOME 2023 A7306749&#8243; _builder_version=&#8221;4.23&#8243; _module_preset=&#8221;default&#8221; global_colors_info=&#8221;{}&#8221;][\/et_pb_image][et_pb_image src=&#8221;https:\/\/www.colorama.pt\/wp-content\/uploads\/2023\/10\/FINANTIA-FESTA-DE-NATAL-2022-A7303247.jpg&#8221; title_text=&#8221;FINANTIA | FESTA DE NATAL | 2022 | A7303247&#8243; _builder_version=&#8221;4.23&#8243; _module_preset=&#8221;default&#8221; global_colors_info=&#8221;{}&#8221;][\/et_pb_image][et_pb_image src=&#8221;https:\/\/www.colorama.pt\/wp-content\/uploads\/2023\/10\/IKEA-LIFE-AT-HOME-2023-7VI06153.jpg&#8221; title_text=&#8221;IKEA LIFE AT HOME 2023 7VI06153&#8243; _builder_version=&#8221;4.23&#8243; _module_preset=&#8221;default&#8221; global_colors_info=&#8221;{}&#8221;][\/et_pb_image][\/et_pb_column][et_pb_column type=&#8221;1_3&#8243; _builder_version=&#8221;4.23&#8243; _module_preset=&#8221;default&#8221; global_colors_info=&#8221;{}&#8221;][et_pb_image src=&#8221;https:\/\/www.colorama.pt\/wp-content\/uploads\/2023\/10\/IFE-CONFERENCIAS-DH-2019-00175.jpg&#8221; title_text=&#8221;IFE | CONFERE\u0302NCIAS DH | 2019-00175&#8243; _builder_version=&#8221;4.23&#8243; _module_preset=&#8221;default&#8221; global_colors_info=&#8221;{}&#8221;][\/et_pb_image][et_pb_image src=&#8221;https:\/\/www.colorama.pt\/wp-content\/uploads\/2023\/10\/MEDIAWAY-TEMPTATION-GELADOS-MINIPRECO-2023-7VI09931.jpg&#8221; title_text=&#8221;MEDIAWAY TEMPTATION GELADOS MINIPREC\u0327O 2023 7VI09931&#8243; _builder_version=&#8221;4.23&#8243; _module_preset=&#8221;default&#8221; global_colors_info=&#8221;{}&#8221;][\/et_pb_image][et_pb_image src=&#8221;https:\/\/www.colorama.pt\/wp-content\/uploads\/2023\/10\/LIBERTINUS_ALVARINHO-VINHO-REGIONAL-DO-TEJO-RED-WHITE.jpg&#8221; title_text=&#8221;LIBERTINUS_ALVARINHO VINHO REGIONAL DO TEJO RED-WHITE&#8221; _builder_version=&#8221;4.23&#8243; _module_preset=&#8221;default&#8221; global_colors_info=&#8221;{}&#8221;][\/et_pb_image][et_pb_image src=&#8221;https:\/\/www.colorama.pt\/wp-content\/uploads\/2023\/10\/IKEA-LIFE-AT-HOME-2023-A7305995.jpg&#8221; title_text=&#8221;IKEA LIFE AT HOME 2023 A7305995&#8243; _builder_version=&#8221;4.23&#8243; _module_preset=&#8221;default&#8221; global_colors_info=&#8221;{}&#8221;][\/et_pb_image][et_pb_image src=&#8221;https:\/\/www.colorama.pt\/wp-content\/uploads\/2023\/10\/IKEA-LIFE-AT-HOME-2023-7VI06155-scaled.jpg&#8221; title_text=&#8221;IKEA LIFE AT HOME 2023 7VI06155&#8243; _builder_version=&#8221;4.23&#8243; _module_preset=&#8221;default&#8221; global_colors_info=&#8221;{}&#8221;][\/et_pb_image][\/et_pb_column][et_pb_column type=&#8221;1_3&#8243; _builder_version=&#8221;4.23&#8243; _module_preset=&#8221;default&#8221; global_colors_info=&#8221;{}&#8221;][et_pb_image src=&#8221;https:\/\/www.colorama.pt\/wp-content\/uploads\/2023\/10\/IFE-CONFERENCIAS-DH-2019-01044.jpg&#8221; title_text=&#8221;IFE | CONFERE\u0302NCIAS DH | 2019-01044&#8243; _builder_version=&#8221;4.23&#8243; _module_preset=&#8221;default&#8221; global_colors_info=&#8221;{}&#8221;][\/et_pb_image][et_pb_image src=&#8221;https:\/\/www.colorama.pt\/wp-content\/uploads\/2023\/10\/OUTSYSTEMS-_-2023-_-7IV06198.jpg&#8221; title_text=&#8221;OUTSYSTEMS _ 2023 _ 7IV06198&#8243; _builder_version=&#8221;4.23&#8243; _module_preset=&#8221;default&#8221; global_colors_info=&#8221;{}&#8221;][\/et_pb_image][et_pb_image src=&#8221;https:\/\/www.colorama.pt\/wp-content\/uploads\/2023\/10\/HAYS-FESTA-DE-GALA-2023-050-7IV01107.jpg&#8221; title_text=&#8221;HAYS FESTA DE GALA 2023 050 7IV01107&#8243; _builder_version=&#8221;4.23&#8243; _module_preset=&#8221;default&#8221; global_colors_info=&#8221;{}&#8221;][\/et_pb_image][et_pb_image src=&#8221;https:\/\/www.colorama.pt\/wp-content\/uploads\/2023\/10\/MEDIAWAY-TEMPTATION-GELADOS-MINIPRECO-2023-7VI08280.jpg&#8221; title_text=&#8221;MEDIAWAY TEMPTATION GELADOS MINIPREC\u0327O 2023 7VI08280&#8243; _builder_version=&#8221;4.23&#8243; _module_preset=&#8221;default&#8221; global_colors_info=&#8221;{}&#8221;][\/et_pb_image][et_pb_image src=&#8221;https:\/\/www.colorama.pt\/wp-content\/uploads\/2023\/10\/KSA-MEETING-PENHA-LONGA-RESORT-_A732691.jpg&#8221; title_text=&#8221;KSA | MEETING PENHA LONGA RESORT | _A732691&#8243; _builder_version=&#8221;4.23&#8243; _module_preset=&#8221;default&#8221; global_colors_info=&#8221;{}&#8221;][\/et_pb_image][et_pb_image src=&#8221;https:\/\/www.colorama.pt\/wp-content\/uploads\/2023\/10\/BLISS-PROMOCIONAL-2022-EDY07550.jpg&#8221; title_text=&#8221;BLISS | PROMOCIONAL | 2022 | EDY07550&#8243; _builder_version=&#8221;4.23&#8243; _module_preset=&#8221;default&#8221; global_colors_info=&#8221;{}&#8221;][\/et_pb_image][\/et_pb_column][\/et_pb_row][\/et_pb_section]<\/p>\n","protected":false},"excerpt":{"rendered":"<p>COME AND SEE OUR PHOTOS<\/p>","protected":false},"author":1,"featured_media":0,"parent":0,"menu_order":0,"comment_status":"closed","ping_status":"closed","template":"","meta":{"_et_pb_use_builder":"on","_et_pb_old_content":"","_et_gb_content_width":"","footnotes":""},"class_list":["post-313197","page","type-page","status-publish","hentry"],"yoast_head":"<!-- This site is optimized with the Yoast SEO plugin v27.4 - https:\/\/yoast.com\/product\/yoast-seo-wordpress\/ -->\n<title>Colorama - Produ\u00e7\u00e3o Audiovisual<\/title>\n<meta name=\"description\" content=\"Conte connosco para campanhas publicit\u00e1rias, materiais corporativos, anima\u00e7\u00f5es, comunica\u00e7\u00e3o interna, capta\u00e7\u00e3o e divulga\u00e7\u00e3o de eventos, cria\u00e7\u00e3o de identidade visual e inova\u00e7\u00e3o da sua marca, tudo o que precisar, como e quando quiser.\" \/>\n<meta name=\"robots\" content=\"index, follow, max-snippet:-1, max-image-preview:large, max-video-preview:-1\" \/>\n<link rel=\"canonical\" href=\"https:\/\/www.colorama.pt\/en\/fotografia-produto-0\/\" \/>\n<meta property=\"og:locale\" content=\"en_GB\" \/>\n<meta property=\"og:type\" content=\"article\" \/>\n<meta property=\"og:title\" content=\"Colorama - Produ\u00e7\u00e3o Audiovisual\" \/>\n<meta property=\"og:description\" content=\"Conte connosco para campanhas publicit\u00e1rias, materiais corporativos, anima\u00e7\u00f5es, comunica\u00e7\u00e3o interna, capta\u00e7\u00e3o e divulga\u00e7\u00e3o de eventos, cria\u00e7\u00e3o de identidade visual e inova\u00e7\u00e3o da sua marca, tudo o que precisar, como e quando quiser.\" \/>\n<meta property=\"og:url\" content=\"https:\/\/www.colorama.pt\/en\/fotografia-produto-0\/\" \/>\n<meta property=\"og:site_name\" content=\"Colorama\" \/>\n<meta property=\"article:publisher\" content=\"https:\/\/www.facebook.com\/coloramaaudiovisual\/\" \/>\n<meta property=\"article:modified_time\" content=\"2025-10-02T08:51:37+00:00\" \/>\n<meta property=\"og:image\" content=\"https:\/\/www.colorama.pt\/wp-content\/uploads\/2020\/10\/Logo-defenitivo-03-1.png\" \/>\n\t<meta property=\"og:image:width\" content=\"1915\" \/>\n\t<meta property=\"og:image:height\" content=\"1140\" \/>\n\t<meta property=\"og:image:type\" content=\"image\/png\" \/>\n<meta name=\"twitter:card\" content=\"summary_large_image\" \/>\n<meta name=\"twitter:label1\" content=\"Estimated reading time\" \/>\n\t<meta name=\"twitter:data1\" content=\"7 minutes\" \/>\n<script type=\"application\/ld+json\" class=\"yoast-schema-graph\">{\"@context\":\"https:\\\/\\\/schema.org\",\"@graph\":[{\"@type\":\"WebPage\",\"@id\":\"https:\\\/\\\/www.colorama.pt\\\/fotografia-produto-0\\\/\",\"url\":\"https:\\\/\\\/www.colorama.pt\\\/fotografia-produto-0\\\/\",\"name\":\"Colorama - Produ\u00e7\u00e3o Audiovisual\",\"isPartOf\":{\"@id\":\"https:\\\/\\\/www.colorama.pt\\\/#website\"},\"datePublished\":\"2024-01-15T15:49:28+00:00\",\"dateModified\":\"2025-10-02T08:51:37+00:00\",\"description\":\"Conte connosco para campanhas publicit\u00e1rias, materiais corporativos, anima\u00e7\u00f5es, comunica\u00e7\u00e3o interna, capta\u00e7\u00e3o e divulga\u00e7\u00e3o de eventos, cria\u00e7\u00e3o de identidade visual e inova\u00e7\u00e3o da sua marca, tudo o que precisar, como e quando quiser.\",\"breadcrumb\":{\"@id\":\"https:\\\/\\\/www.colorama.pt\\\/fotografia-produto-0\\\/#breadcrumb\"},\"inLanguage\":\"en-GB\",\"potentialAction\":[{\"@type\":\"ReadAction\",\"target\":[\"https:\\\/\\\/www.colorama.pt\\\/fotografia-produto-0\\\/\"]}]},{\"@type\":\"BreadcrumbList\",\"@id\":\"https:\\\/\\\/www.colorama.pt\\\/fotografia-produto-0\\\/#breadcrumb\",\"itemListElement\":[{\"@type\":\"ListItem\",\"position\":1,\"name\":\"Home\",\"item\":\"https:\\\/\\\/www.colorama.pt\\\/\"},{\"@type\":\"ListItem\",\"position\":2,\"name\":\"FOTOGRAFIA PRODUTO (antigo)\"}]},{\"@type\":\"WebSite\",\"@id\":\"https:\\\/\\\/www.colorama.pt\\\/#website\",\"url\":\"https:\\\/\\\/www.colorama.pt\\\/\",\"name\":\"Colorama\",\"description\":\"Tudo o que precisa para a comunica\u00e7\u00e3o da sua empresa: v\u00eddeo, streaming, podcast, fotografia, design e aluguer de equipamento e est\u00fadio.\",\"publisher\":{\"@id\":\"https:\\\/\\\/www.colorama.pt\\\/#organization\"},\"potentialAction\":[{\"@type\":\"SearchAction\",\"target\":{\"@type\":\"EntryPoint\",\"urlTemplate\":\"https:\\\/\\\/www.colorama.pt\\\/?s={search_term_string}\"},\"query-input\":{\"@type\":\"PropertyValueSpecification\",\"valueRequired\":true,\"valueName\":\"search_term_string\"}}],\"inLanguage\":\"en-GB\"},{\"@type\":\"Organization\",\"@id\":\"https:\\\/\\\/www.colorama.pt\\\/#organization\",\"name\":\"Colorama\",\"url\":\"https:\\\/\\\/www.colorama.pt\\\/\",\"logo\":{\"@type\":\"ImageObject\",\"inLanguage\":\"en-GB\",\"@id\":\"https:\\\/\\\/www.colorama.pt\\\/#\\\/schema\\\/logo\\\/image\\\/\",\"url\":\"https:\\\/\\\/www.colorama.pt\\\/wp-content\\\/uploads\\\/2020\\\/07\\\/Logo-SIMBOLO-09-copy.png\",\"contentUrl\":\"https:\\\/\\\/www.colorama.pt\\\/wp-content\\\/uploads\\\/2020\\\/07\\\/Logo-SIMBOLO-09-copy.png\",\"width\":486,\"height\":489,\"caption\":\"Colorama\"},\"image\":{\"@id\":\"https:\\\/\\\/www.colorama.pt\\\/#\\\/schema\\\/logo\\\/image\\\/\"},\"sameAs\":[\"https:\\\/\\\/www.facebook.com\\\/coloramaaudiovisual\\\/\",\"https:\\\/\\\/www.linkedin.com\\\/company\\\/coloramacomunicacaoimagem\",\"https:\\\/\\\/www.instagram.com\\\/colorama_audiovisuais\\\/\"]}]}<\/script>\n<!-- \/ Yoast SEO plugin. -->","yoast_head_json":{"title":"Colorama - Audiovisual Production","description":"Count on us for marketing campaigns, corporate contents, animations, internal communication, event production and dissemination, visual identity creation and brand innovation, everything you need, how you want it and when you want it","robots":{"index":"index","follow":"follow","max-snippet":"max-snippet:-1","max-image-preview":"max-image-preview:large","max-video-preview":"max-video-preview:-1"},"canonical":"https:\/\/www.colorama.pt\/en\/fotografia-produto-0\/","og_locale":"en_GB","og_type":"article","og_title":"Colorama - Produ\u00e7\u00e3o Audiovisual","og_description":"Conte connosco para campanhas publicit\u00e1rias, materiais corporativos, anima\u00e7\u00f5es, comunica\u00e7\u00e3o interna, capta\u00e7\u00e3o e divulga\u00e7\u00e3o de eventos, cria\u00e7\u00e3o de identidade visual e inova\u00e7\u00e3o da sua marca, tudo o que precisar, como e quando quiser.","og_url":"https:\/\/www.colorama.pt\/en\/fotografia-produto-0\/","og_site_name":"Colorama","article_publisher":"https:\/\/www.facebook.com\/coloramaaudiovisual\/","article_modified_time":"2025-10-02T08:51:37+00:00","og_image":[{"width":1915,"height":1140,"url":"https:\/\/www.colorama.pt\/wp-content\/uploads\/2020\/10\/Logo-defenitivo-03-1.png","type":"image\/png"}],"twitter_card":"summary_large_image","twitter_misc":{"Estimated reading time":"7 minutes"},"schema":{"@context":"https:\/\/schema.org","@graph":[{"@type":"WebPage","@id":"https:\/\/www.colorama.pt\/fotografia-produto-0\/","url":"https:\/\/www.colorama.pt\/fotografia-produto-0\/","name":"Colorama - Audiovisual Production","isPartOf":{"@id":"https:\/\/www.colorama.pt\/#website"},"datePublished":"2024-01-15T15:49:28+00:00","dateModified":"2025-10-02T08:51:37+00:00","description":"Count on us for marketing campaigns, corporate contents, animations, internal communication, event production and dissemination, visual identity creation and brand innovation, everything you need, how you want it and when you want it","breadcrumb":{"@id":"https:\/\/www.colorama.pt\/fotografia-produto-0\/#breadcrumb"},"inLanguage":"en-GB","potentialAction":[{"@type":"ReadAction","target":["https:\/\/www.colorama.pt\/fotografia-produto-0\/"]}]},{"@type":"BreadcrumbList","@id":"https:\/\/www.colorama.pt\/fotografia-produto-0\/#breadcrumb","itemListElement":[{"@type":"ListItem","position":1,"name":"Home","item":"https:\/\/www.colorama.pt\/"},{"@type":"ListItem","position":2,"name":"FOTOGRAFIA PRODUTO (antigo)"}]},{"@type":"WebSite","@id":"https:\/\/www.colorama.pt\/#website","url":"https:\/\/www.colorama.pt\/","name":"Colourama","description":"Everything you need for your company's communication: video, streaming, podcast, photography, design and equipment and studio hire.","publisher":{"@id":"https:\/\/www.colorama.pt\/#organization"},"potentialAction":[{"@type":"SearchAction","target":{"@type":"EntryPoint","urlTemplate":"https:\/\/www.colorama.pt\/?s={search_term_string}"},"query-input":{"@type":"PropertyValueSpecification","valueRequired":true,"valueName":"search_term_string"}}],"inLanguage":"en-GB"},{"@type":"Organization","@id":"https:\/\/www.colorama.pt\/#organization","name":"Colourama","url":"https:\/\/www.colorama.pt\/","logo":{"@type":"ImageObject","inLanguage":"en-GB","@id":"https:\/\/www.colorama.pt\/#\/schema\/logo\/image\/","url":"https:\/\/www.colorama.pt\/wp-content\/uploads\/2020\/07\/Logo-SIMBOLO-09-copy.png","contentUrl":"https:\/\/www.colorama.pt\/wp-content\/uploads\/2020\/07\/Logo-SIMBOLO-09-copy.png","width":486,"height":489,"caption":"Colorama"},"image":{"@id":"https:\/\/www.colorama.pt\/#\/schema\/logo\/image\/"},"sameAs":["https:\/\/www.facebook.com\/coloramaaudiovisual\/","https:\/\/www.linkedin.com\/company\/coloramacomunicacaoimagem","https:\/\/www.instagram.com\/colorama_audiovisuais\/"]}]}},"_links":{"self":[{"href":"https:\/\/www.colorama.pt\/en\/wp-json\/wp\/v2\/pages\/313197","targetHints":{"allow":["GET"]}}],"collection":[{"href":"https:\/\/www.colorama.pt\/en\/wp-json\/wp\/v2\/pages"}],"about":[{"href":"https:\/\/www.colorama.pt\/en\/wp-json\/wp\/v2\/types\/page"}],"author":[{"embeddable":true,"href":"https:\/\/www.colorama.pt\/en\/wp-json\/wp\/v2\/users\/1"}],"replies":[{"embeddable":true,"href":"https:\/\/www.colorama.pt\/en\/wp-json\/wp\/v2\/comments?post=313197"}],"version-history":[{"count":8,"href":"https:\/\/www.colorama.pt\/en\/wp-json\/wp\/v2\/pages\/313197\/revisions"}],"predecessor-version":[{"id":321990,"href":"https:\/\/www.colorama.pt\/en\/wp-json\/wp\/v2\/pages\/313197\/revisions\/321990"}],"wp:attachment":[{"href":"https:\/\/www.colorama.pt\/en\/wp-json\/wp\/v2\/media?parent=313197"}],"curies":[{"name":"wp","href":"https:\/\/api.w.org\/{rel}","templated":true}]}}