{"id":319904,"date":"2024-07-26T10:48:06","date_gmt":"2024-07-26T09:48:06","guid":{"rendered":"https:\/\/www.colorama.pt\/?page_id=319904"},"modified":"2026-04-21T11:19:22","modified_gmt":"2026-04-21T10:19:22","slug":"fotografia","status":"publish","type":"page","link":"https:\/\/www.colorama.pt\/en\/fotografia\/","title":{"rendered":"\u2022 Fotografias"},"content":{"rendered":"<p>[et_pb_section fb_built=&#8221;1&#8243; disabled_on=&#8221;off|off|off&#8221; _builder_version=&#8221;4.27.4&#8243; _module_preset=&#8221;default&#8221; background_color=&#8221;RGBA(255,255,255,0)&#8221; use_background_color_gradient=&#8221;on&#8221; background_color_gradient_direction=&#8221;233deg&#8221; background_color_gradient_stops=&#8221;#492155 0%|#223f62 100%&#8221; animation_style=&#8221;none&#8221; background_last_edited=&#8221;off|desktop&#8221; locked=&#8221;off&#8221; global_colors_info=&#8221;{}&#8221; background__hover_enabled=&#8221;off|hover&#8221; use_background_color_gradient__hover=&#8221;on&#8221; background_color_gradient_stops__hover=&#8221;rgba(11,112,102,0.73) 0%|rgba(127,69,132,0.87) 100%&#8221; background_color_gradient_overlays_image__hover=&#8221;on&#8221;][et_pb_row _builder_version=&#8221;4.27.4&#8243; _module_preset=&#8221;default&#8221; custom_margin_tablet=&#8221;&#8221; custom_margin_phone=&#8221;0px||0px||false|false&#8221; custom_margin_last_edited=&#8221;on|phone&#8221; custom_padding=&#8221;2%||2%||false|false&#8221; global_colors_info=&#8221;{}&#8221;][et_pb_column type=&#8221;4_4&#8243; _builder_version=&#8221;4.24.0&#8243; _module_preset=&#8221;default&#8221; global_colors_info=&#8221;{}&#8221;][et_pb_code raw_content_tablet=&#8221; <\/p>\n<h2>FOTOGRAFIA<\/h2>\n<p class=%22paraf%22>\n    Na Colorama, transformamos vis\u00f5es em imagens impactantes. Cada fotografia conta uma hist\u00f3ria, capturando a ess\u00eancia e a emo\u00e7\u00e3o de cada momento. Explore o nosso trabalho e descubra como podemos dar vida aos seus projetos com a nossa paix\u00e3o e experi\u00eancia.\n<\/p>\n<style>\n    h2{\n      font-family:Montserrat ; \n      font-size: 60px; \n      color:#ffffff;\n      line-height: 2;\n      font-weight:900;\n      transition:all .2s ease-out 100ms;\n    }<\/p>\n<p>    h2:hover{\n      letter-spacing:10px;\n      color:#fcc00d\n    }\n   .paraf{\n      font-family:Montserrat ; \n      font-size: 20px; \n      color:#ffffff;\n      line-height: 1.5;\n      font-weight:500;\n    }\n  <\/style>\n<p>&#8221; raw_content_phone=&#8221; <\/p>\n<h2>FOTOGRAFIA<\/h2>\n<p class=%22paraf%22>\n    Na Colorama, transformamos vis\u00f5es em imagens impactantes. Cada fotografia conta uma hist\u00f3ria, capturando a ess\u00eancia e a emo\u00e7\u00e3o de cada momento. Explore o nosso trabalho e descubra como podemos dar vida aos seus projetos com a nossa paix\u00e3o e experi\u00eancia.\n<\/p>\n<style>\n    h2{\n      font-family:Montserrat ; \n      font-size: 40px; \n      color:#ffffff;\n      line-height: 2;\n      font-weight:900;\n      text-align:left;\n      transition:all .2s ease-out 100ms;\n    }<\/p>\n<p>    h2:hover{\n      letter-spacing:10px;\n      color:#fcc00d\n    }\n   .paraf{\n      font-family:Montserrat ; \n      font-size: 15px; \n      color:#ffffff;\n      line-height: 1.5;\n      font-weight:500;\n    }\n  <\/style>\n<p>&#8221; raw_content_last_edited=&#8221;off|desktop&#8221; _builder_version=&#8221;4.27.5&#8243; _module_preset=&#8221;default&#8221; custom_margin=&#8221;0px||0px||false|false&#8221; custom_padding=&#8221;0px||0px||false|false&#8221; global_colors_info=&#8221;{}&#8221;]<\/p>\n<div class=\"header-foto\"><!-- [et_pb_line_break_holder] -->  <\/p>\n<h2>FOTOGRAFIA<\/h2>\n<p><!-- [et_pb_line_break_holder] -->  <pee><!-- [et_pb_line_break_holder] -->    Na Colorama, transformamos vis\u00f5es em imagens impactantes. Cada fotografia conta uma hist\u00f3ria, capturando a ess\u00eancia e a emo\u00e7\u00e3o de cada momento. Explore o nosso trabalho e descubra como podemos dar vida aos seus projetos com a nossa paix\u00e3o e experi\u00eancia.<!-- [et_pb_line_break_holder] --><\/pee><!-- [et_pb_line_break_holder] --><\/div>\n<p> <!-- [et_pb_line_break_holder] --><!-- [et_pb_line_break_holder] -->  <\/p>\n<style><!-- [et_pb_line_break_holder] -->    .header-foto h2{<!-- [et_pb_line_break_holder] -->      font-family:Montserrat ; <!-- [et_pb_line_break_holder] -->      font-size: 60px; <!-- [et_pb_line_break_holder] -->      color:#ffffff;<!-- [et_pb_line_break_holder] -->      line-height: 2;<!-- [et_pb_line_break_holder] -->      font-weight:900;<!-- [et_pb_line_break_holder] -->      transition:all .2s ease-out 100ms;<!-- [et_pb_line_break_holder] -->    }<!-- [et_pb_line_break_holder] -->    <!-- [et_pb_line_break_holder] -->    .header-foto h2:hover{<!-- [et_pb_line_break_holder] -->      letter-spacing:10px;<!-- [et_pb_line_break_holder] -->      color:#fcc00d<!-- [et_pb_line_break_holder] -->    }<!-- [et_pb_line_break_holder] -->    .header-foto p{<!-- [et_pb_line_break_holder] -->      font-family:Montserrat ; <!-- [et_pb_line_break_holder] -->      font-size: 20px; <!-- [et_pb_line_break_holder] -->      color:#ffffff;<!-- [et_pb_line_break_holder] -->      line-height: 1.5;<!-- [et_pb_line_break_holder] -->      font-weight:500;<!-- [et_pb_line_break_holder] -->    }<!-- [et_pb_line_break_holder] -->    \/* MOBILE (At\u00e9 768px) *\/<!-- [et_pb_line_break_holder] -->@media (max-width: 768px) {<!-- [et_pb_line_break_holder] --> .header-foto h2{<!-- [et_pb_line_break_holder] -->      font-size: 40px; <!-- [et_pb_line_break_holder] -->    }<!-- [et_pb_line_break_holder] -->    <!-- [et_pb_line_break_holder] -->   .header-foto p{<!-- [et_pb_line_break_holder] -->      font-size: 15px; <!-- [et_pb_line_break_holder] -->    }<!-- [et_pb_line_break_holder] -->}<!-- [et_pb_line_break_holder] -->  <\/style>\n<p>[\/et_pb_code][\/et_pb_column][\/et_pb_row][\/et_pb_section][et_pb_section fb_built=&#8221;1&#8243; _builder_version=&#8221;4.27.4&#8243; _module_preset=&#8221;default&#8221; custom_margin=&#8221;0px|0px|0px|0px|false|false&#8221; custom_padding=&#8221;0px|0px|0px|0px|false|false&#8221; animation_style=&#8221;none&#8221; hover_transition_duration=&#8221;0ms&#8221; locked=&#8221;off&#8221; global_colors_info=&#8221;{}&#8221;][et_pb_row _builder_version=&#8221;4.27.4&#8243; _module_preset=&#8221;default&#8221; width=&#8221;100%&#8221; max_width=&#8221;100%&#8221; custom_margin=&#8221;0px|0px|0px|0px|false|false&#8221; custom_padding=&#8221;0px|0px|0px|0px|false|false&#8221; hover_transition_duration=&#8221;0ms&#8221; global_colors_info=&#8221;{}&#8221;][et_pb_column type=&#8221;4_4&#8243; _builder_version=&#8221;4.27.4&#8243; _module_preset=&#8221;default&#8221; global_colors_info=&#8221;{}&#8221;][et_pb_tabs active_tab_background_color=&#8221;#383838&#8243; inactive_tab_background_color=&#8221;#383838&#8243; active_tab_text_color=&#8221;#fcc00d&#8221; _builder_version=&#8221;4.27.5&#8243; _module_preset=&#8221;default&#8221; tab_text_color=&#8221;#ffffff&#8221; tab_font=&#8221;Montserrat Regular||||||||&#8221; tab_font_size=&#8221;18px&#8221; background_color=&#8221;#383838&#8243; custom_margin=&#8221;0px|0px|0px|0px|false|false&#8221; custom_padding=&#8221;0px|0px|0px|0px|false|false&#8221; hover_transition_duration=&#8221;0ms&#8221; hover_transition_speed_curve=&#8221;linear&#8221; custom_css_free_form=&#8221;||* {box-sizing: border-box}||||\/* Style tab links *\/||.tablink1 {||  background-color: #383838;||  color: white;||  float: left;||  border: none;||  outline: none;||  cursor: pointer;||  padding: 14px 16px;||  font-size: 17px;||  width: 20%;||}||||.tablink1:hover {||  background-image:linear-gradient(135deg,#492155,#223f62);||}||.tablink1:active {color: #000;}||\/* Style the tab content (and add height:100% for full page content) *\/||.tabcontent {||  color: white;||  display: block;||  padding: 100px 20px;||  height: 100%;||}||||  ||  .galeria{||    column-count:2;||    padding:0 5%;||    column-gap:2%;||  }||    .galeriaest{||    column-count:2;||    padding:0 5%;||      column-gap:2%;||  }||  .footo{||    box-shadow: 0 4px 8px 0 rgba(0, 0, 0, 0.2), 0 6px 20px 0 rgba(0, 0, 0, 0.19);||    transition:transform .2s ease-out,-webkit-transform .2s ease-out;||    margin-bottom:2%;||  }||  .footo:hover{||    transform:scale(105%)||  }||||ul.et_pb_tabs_controls {||    background-color: #383838;||}||.et_pb_tabs_controls li {||    float: left;||    border-right: none;||    font-weight: 600;||    position: relative;||    cursor: pointer;||    max-width: 100%;||    z-index: 11;||    line-height: 1.7em;||    display: flex;||    width: 20%;||  justify-content: center;||    align-items: center;||  padding: 1% 2%;||  text-align: center;||}||@media (max-width: 767px) {||  .et_pb_tabs_controls li {||    float: left;||    border-right: none;||    font-weight: 600;||    position: relative;||    cursor: pointer;||    max-width: 100%;||    z-index: 11;||    line-height: 1.7em;||    display: flex;||    width: 100%;||  justify-content: center;||    align-items: center;||  text-align: center;||  }}||||@media (max-width: 767px) {||  .galeriaest{||    column-count:1;}}||@media (max-width: 767px) {||  .galeria{||    column-count:1;}}||element.style {||    margin-top: 0px;||    padding-top: 0px;||}&#8221; border_width_all=&#8221;0px&#8221; global_colors_info=&#8221;{}&#8221;][et_pb_tab title=&#8221;Todas&#8221; _builder_version=&#8221;4.27.4&#8243; _module_preset=&#8221;default&#8221; hover_transition_duration=&#8221;0ms&#8221; custom_css_free_form=&#8221;||||\/* Style tab links *\/||.tablink1 {||  background-color: #383838;||  color: white;||  float: left;||  border: none;||  outline: none;||  cursor: pointer;||  padding: 14px 16px;||  font-size: 17px;||  width: 20%;||}||||.tablink1:hover {||  background-image:linear-gradient(135deg,#492155,#223f62);||}||.tablink1:active {color: #000;}||\/* Style the tab content (and add height:100% for full page content) *\/||.tabcontent {||  color: white;||  display: block;||  padding: 100px 20px;||  height: 100%;||}||||#todas {background-color: #383838;}||#espacos {background-color: #383838;}||#eventos {background-color: #383838;}||#institucional {background-color: #383838;}||  #produto {background-color: #383838;}||  ||  .galeria{||    column-count:2;||    padding:0 5%;||    column-gap:2%;||}||    .galeriaest{||    column-count:2;||    padding:0 5%;||      column-gap:2%;||  }||  .footo{||    box-shadow: 0 4px 8px 0 rgba(0, 0, 0, 0.2), 0 6px 20px 0 rgba(0, 0, 0, 0.19);||    transition:transform .2s ease-out,-webkit-transform .2s ease-out;||    margin-bottom:2%;||  }||  .footo:hover{||    transform:scale(105%)||  }||&#8221; global_colors_info=&#8221;{}&#8221;]<\/p>\n<div id=\"todas\" class=\"tabcontent\">\n<div class=\"galeriaest\">\n<img decoding=\"async\" class=\"footo\" src=\"https:\/\/www.colorama.pt\/wp-content\/uploads\/2025\/12\/SIVA-_-APOS-VENDA-_-2025-_-77-scaled.jpg\" \/><br \/>\n<img decoding=\"async\" class=\"footo\" src=\"https:\/\/www.colorama.pt\/wp-content\/uploads\/2025\/12\/IKEA-_-TABLET-_-2020-00237-scaled.jpg\" \/><br \/>\n<img decoding=\"async\" class=\"footo\" src=\"https:\/\/www.colorama.pt\/wp-content\/uploads\/2025\/12\/WAEG-_-TEAMBUILDING-PENICHE-_-2019-0084-scaled.jpg\" \/><br \/>\n<img decoding=\"async\" class=\"footo\" src=\"https:\/\/www.colorama.pt\/wp-content\/uploads\/2025\/12\/IFE-_-18a-EXPO-RH-_-DIA-1-_-2019-00992-scaled.jpg\" \/><br \/>\n<img decoding=\"async\" class=\"footo\" src=\"https:\/\/www.colorama.pt\/wp-content\/uploads\/2023\/10\/KSA-MEETING-PENHA-LONGA-RESORT-_A732691.jpg\" \/><br \/>\n<img decoding=\"async\" class=\"footo\" src=\"https:\/\/www.colorama.pt\/wp-content\/uploads\/2025\/12\/HOTEL-URGEIRICA-_-2025-50-scaled.jpg\" \/><br \/>\n<img decoding=\"async\" class=\"footo\" src=\"https:\/\/www.colorama.pt\/wp-content\/uploads\/2025\/12\/BLUEPOINT-_-ON-0342-scaled.jpg\" \/><br \/>\n<img decoding=\"async\" class=\"footo\" src=\"https:\/\/www.colorama.pt\/wp-content\/uploads\/2025\/12\/ALGECO-_-CUF-BARREIRO-_-PARTE-02-_-2025-56-scaled.jpg\" \/><br \/>\n<img decoding=\"async\" class=\"footo\" src=\"https:\/\/www.colorama.pt\/wp-content\/uploads\/2023\/10\/EVENCO-INTERNATIONAL-FUND-FORUM-LISBON-2022-A7305629.jpg\" \/><br \/>\n<img decoding=\"async\" class=\"footo\" src=\"https:\/\/www.colorama.pt\/wp-content\/uploads\/2023\/10\/IFE-CONFERENCIAS-DH-2019-00175.jpg\" \/><br \/>\n<img decoding=\"async\" class=\"footo\" src=\"https:\/\/www.colorama.pt\/wp-content\/uploads\/2023\/10\/IFE-CONFERENCIAS-DH-2019-01044.jpg\" \/><br \/>\n<img decoding=\"async\" class=\"footo\" src=\"https:\/\/www.colorama.pt\/wp-content\/uploads\/2025\/12\/ALGECO-_-CUF-BARREIRO-_-PARTE-02-_-2025-51-scaled.jpg\" \/><br \/>\n<img decoding=\"async\" class=\"footo\" src=\"https:\/\/www.colorama.pt\/wp-content\/uploads\/2023\/10\/IFE-CONFERENCIAS-DH-2019-00197.jpg\" \/><br \/>\n<img decoding=\"async\" class=\"footo\" src=\"https:\/\/www.colorama.pt\/wp-content\/uploads\/2023\/11\/IKEA-PODCAST-EP1-A7305478.jpg\" \/><br \/>\n<img decoding=\"async\" class=\"footo\" src=\"https:\/\/www.colorama.pt\/wp-content\/uploads\/2023\/10\/LIBERTINUS_ALVARINHO-VINHO-REGIONAL-DO-TEJO-RED-WHITE.jpg\" \/><br \/>\n<img decoding=\"async\" class=\"footo\" src=\"https:\/\/www.colorama.pt\/wp-content\/uploads\/2025\/12\/IFE-_-SMARTPAYMENTS-_-DIA-1-_-ORIGINAL-_-2018-8903-2-scaled.jpg\" \/><br \/>\n<img decoding=\"async\" class=\"footo\" src=\"https:\/\/www.colorama.pt\/wp-content\/uploads\/2025\/12\/SIVE-_-PHD-STRATEGY-WORKSHOP-_-2025-74-scaled.jpg\" \/><br \/>\n<img decoding=\"async\" class=\"footo\" src=\"https:\/\/www.colorama.pt\/wp-content\/uploads\/2023\/10\/IKEA-LIFE-AT-HOME-2023-A7306749.jpg\" \/><br \/>\n<img decoding=\"async\" class=\"footo\" src=\"https:\/\/www.colorama.pt\/wp-content\/uploads\/2023\/10\/29-GRAUS-PREMIOS-HOSPITAIS-PRIVADOS-2023-07515.jpg\" \/><br \/>\n<img decoding=\"async\" class=\"footo\" src=\"https:\/\/www.colorama.pt\/wp-content\/uploads\/2023\/10\/IKEA-EQUALUP-2022-ESPACO-DE-TRABALHO-_A737403.jpg\" \/><br \/>\n<img decoding=\"async\" class=\"footo\" src=\"https:\/\/www.colorama.pt\/wp-content\/uploads\/2023\/10\/OUTSYSTEMS-_-2023-_-7IV06205.jpg\" \/><br \/>\n<img decoding=\"async\" class=\"footo\" src=\"https:\/\/www.colorama.pt\/wp-content\/uploads\/2025\/12\/ARQUITETURA-scaled.jpg\" \/><br \/>\n<img decoding=\"async\" class=\"footo\" src=\"https:\/\/www.colorama.pt\/wp-content\/uploads\/2025\/12\/MEDIA-CHANNEL-_-GALA-MAKE-A-WISH-_-2019-02788-scaled.jpg\" \/><br \/>\n<img decoding=\"async\" class=\"footo\" src=\"https:\/\/www.colorama.pt\/wp-content\/uploads\/2023\/10\/IKEA-LIFE-AT-HOME-2023-A7305995.jpg\" \/><br \/>\n<img decoding=\"async\" class=\"footo\" src=\"https:\/\/www.colorama.pt\/wp-content\/uploads\/2023\/10\/IKEA-LIFE-AT-HOME-2023-7VI06155-scaled.jpg\" \/><br \/>\n<img decoding=\"async\" class=\"footo\" src=\"https:\/\/www.colorama.pt\/wp-content\/uploads\/2025\/12\/HOTEL-URGEIRICA-_-2025-23-scaled.jpg\" \/><br \/>\n<img decoding=\"async\" class=\"footo\" src=\"https:\/\/www.colorama.pt\/wp-content\/uploads\/2023\/10\/IKEA-LIFE-AT-HOME-2023-7VI06153.jpg\" \/><br \/>\n<img decoding=\"async\" class=\"footo\" src=\"https:\/\/www.colorama.pt\/wp-content\/uploads\/2023\/10\/IKEA-EQUALUP-2022-TOPSHOT-3CADEIRAS.jpg\" \/><br \/>\n<img decoding=\"async\" class=\"footo\" src=\"https:\/\/www.colorama.pt\/wp-content\/uploads\/2025\/12\/MAJOREL-_-FESTA-DE-NATAL-_-2023-_-7VI02947.jpg\" \/><br \/>\n<img decoding=\"async\" class=\"footo\" src=\"https:\/\/www.colorama.pt\/wp-content\/uploads\/2025\/12\/NBCC-_-JANTAR-DE-NATAL-_-2019-00152.jpg\" \/><br \/>\n<img decoding=\"async\" class=\"footo\" src=\"https:\/\/www.colorama.pt\/wp-content\/uploads\/2023\/10\/TOMAS-DE-OLIVEIRA-DSC00275.jpg\" \/><br \/>\n<img decoding=\"async\" class=\"footo\" src=\"https:\/\/www.colorama.pt\/wp-content\/uploads\/2025\/03\/SIVA-CARROS-BPI-2024-DJI_0235-copia.jpeg\" \/><br \/>\n<img decoding=\"async\" class=\"footo\" src=\"https:\/\/www.colorama.pt\/wp-content\/uploads\/2025\/12\/MEDIAWAY-_-TEMPTATION-GELADOS-_-MINIPRECO-_-2023-_-7VI08560.jpg\" \/><br \/>\n<img class=\"footo\"\nsrc=\"https:\/\/www.colorama.pt\/wp-content\/uploads\/2025\/12\/TAPTAP-SEND-_-ZAMBEZE-_-2022-_-_DSC8409-scaled.jpg\" \/><br \/>\n<img decoding=\"async\" class=\"footo\" src=\"https:\/\/www.colorama.pt\/wp-content\/uploads\/2025\/12\/NORAUTO-_-NOVA-FARDA-_-2019-05480-scaled.jpg\" \/><br \/>\n<img decoding=\"async\" class=\"footo\" src=\"https:\/\/www.colorama.pt\/wp-content\/uploads\/2025\/12\/LDC-_-LISNAVE-_-2020-67-scaled.jpg\" \/><br \/>\n<img decoding=\"async\" class=\"footo\" src=\"https:\/\/www.colorama.pt\/wp-content\/uploads\/2023\/10\/IKEA-LIFE-AT-HOME-2023-7VI07166.jpg\" \/><br \/>\n<img decoding=\"async\" class=\"footo\" src=\"https:\/\/www.colorama.pt\/wp-content\/uploads\/2025\/03\/ABILWAYS-GCX-2024-200-300-7IV07952-copia.jpeg\" \/><br \/>\n<img decoding=\"async\" class=\"footo\" src=\"https:\/\/www.colorama.pt\/wp-content\/uploads\/2025\/12\/SYD-_-RED-HAT-_-2019-00168-scaled.jpg\" \/><br \/>\n<img decoding=\"async\" class=\"footo\" src=\"https:\/\/www.colorama.pt\/wp-content\/uploads\/2023\/10\/OUTSYSTEMS-_-2023-_-7IV05148.jpg\" \/><br \/>\n<img decoding=\"async\" class=\"footo\" src=\"https:\/\/www.colorama.pt\/wp-content\/uploads\/2025\/12\/MEDIAWAY-_-TEMPTATION-GELADOS-_-MINIPRECO-_-2023-_-7VI07829.jpg\" \/><br \/>\n<img decoding=\"async\" class=\"footo\" src=\"https:\/\/www.colorama.pt\/wp-content\/uploads\/2025\/12\/IKEA-SO-_-EMPLOYER-BRANDING-_-ALFRAGIDE-_-2022-_-_41A8020-scaled.jpg\" \/><br \/>\n<img decoding=\"async\" class=\"footo\" src=\"https:\/\/www.colorama.pt\/wp-content\/uploads\/2023\/10\/29-GRAUS-PREMIOS-HOSPITAIS-PRIVADOS-2023-7VI06666.jpg\" \/><br \/>\n<img decoding=\"async\" class=\"footo\" src=\"https:\/\/www.colorama.pt\/wp-content\/uploads\/2025\/03\/AWS-DATA-AI-DAY-2024-7IV00016-copia.jpeg\" \/><br \/>\n<img decoding=\"async\" class=\"footo\" src=\"https:\/\/www.colorama.pt\/wp-content\/uploads\/2025\/12\/TERMINAL-RODOVIARIO-CAFE-CAPRISTANOS-_-CM-CALDAS-DA-RAINHA-_-2025-32-scaled.jpg\" \/><br \/>\n<img decoding=\"async\" class=\"footo\" src=\"https:\/\/www.colorama.pt\/wp-content\/uploads\/2023\/10\/HAYS-FESTA-DE-GALA-2023-086-7VI08719.jpg\" \/><br \/>\n<img decoding=\"async\" class=\"footo\" src=\"https:\/\/www.colorama.pt\/wp-content\/uploads\/2025\/12\/SANSON-Y-DALILA-_-OPEN-TOUR-_-2024-_-DSC03694-scaled.jpg\" \/><br \/>\n<img decoding=\"async\" class=\"footo\" src=\"https:\/\/www.colorama.pt\/wp-content\/uploads\/2023\/10\/29-GRAUS-PREMIOS-HOSPITAIS-PRIVADOS-2023.jpg\" \/><br \/>\n<img decoding=\"async\" class=\"footo\" src=\"https:\/\/www.colorama.pt\/wp-content\/uploads\/2025\/03\/DGS-PARIS-2025-QUICK-EDIT-DSC08353-copia.jpeg\" \/><br \/>\n<img decoding=\"async\" class=\"footo\" src=\"https:\/\/www.colorama.pt\/wp-content\/uploads\/2023\/10\/1JUL2022_CONF_OCEANOS_JAMAICA.jpg\" \/><br \/>\n<img decoding=\"async\" class=\"footo\" src=\"https:\/\/www.colorama.pt\/wp-content\/uploads\/2025\/12\/TAPTAP-SEND-_-ZAMBEZE-_-2022-_-_DSC8422-scaled.jpg\" \/><br \/>\n<img decoding=\"async\" class=\"footo\" src=\"https:\/\/www.colorama.pt\/wp-content\/uploads\/2023\/10\/FINANTIA-FESTA-DE-NATAL-2022-A7303247.jpg\" \/><br \/>\n<img decoding=\"async\" class=\"footo\" src=\"https:\/\/www.colorama.pt\/wp-content\/uploads\/2025\/12\/CODIGOPRO-_-FESTA-60-ANOS-VARILUX-_-2019-00611-scaled.jpg\" \/><br \/>\n<img decoding=\"async\" class=\"footo\" src=\"https:\/\/www.colorama.pt\/wp-content\/uploads\/2023\/10\/29-GRAUS-PREMIOS-HOSPITAIS-PRIVADOS-2023-09521.jpg\" \/><br \/>\n<img decoding=\"async\" class=\"footo\" src=\"https:\/\/www.colorama.pt\/wp-content\/uploads\/2025\/12\/WAEG-_-TEAMBUILDING-PENICHE-_-2019-0068-scaled.jpg\" \/><br \/>\n<img decoding=\"async\" class=\"footo\" src=\"https:\/\/www.colorama.pt\/wp-content\/uploads\/2025\/12\/FOOD-00148_1-Editar-scaled.jpg\" \/><br \/>\n<img decoding=\"async\" class=\"footo\" src=\"https:\/\/www.colorama.pt\/wp-content\/uploads\/2025\/12\/IKEA-SO-_-EMPLOYER-BRANDING-_-2022-_-EMANUEL-_-_41A6822-scaled.jpg\" \/><br \/>\n<img decoding=\"async\" class=\"footo\" src=\"https:\/\/www.colorama.pt\/wp-content\/uploads\/2025\/03\/DGS-PaRIS-2025-67-copia-scaled.jpeg\" \/><br \/>\n<img decoding=\"async\" class=\"footo\" src=\"https:\/\/www.colorama.pt\/wp-content\/uploads\/2023\/10\/29-GRAUS-PREMIOS-HOSPITAIS-PRIVADOS-2023-07448.jpg\" \/><br \/>\n<img decoding=\"async\" class=\"footo\" src=\"https:\/\/www.colorama.pt\/wp-content\/uploads\/2023\/10\/GALUCHO-APRESENTACAO-ULTRA-LIGHT-2023-7IV04077.jpg\" \/><br \/>\n<img decoding=\"async\" class=\"footo\" src=\"https:\/\/www.colorama.pt\/wp-content\/uploads\/2023\/10\/GALUCHO-APRESENTACAO-ULTRA-LIGHT-2023-7IV02525.jpg\" \/><br \/>\n<img decoding=\"async\" class=\"footo\" src=\"https:\/\/www.colorama.pt\/wp-content\/uploads\/2023\/10\/ALARCON-_-HARRIS-_-TOMRA-LOGOFRUITS-_-2023-_-7IV07176.jpg\" \/><br \/>\n<img decoding=\"async\" class=\"footo\" src=\"https:\/\/www.colorama.pt\/wp-content\/uploads\/2025\/12\/IFE-_-CONFERENCIAS-DH-_-2018-04390-2-scaled.jpg\" \/><br \/>\n<img decoding=\"async\" class=\"footo\" src=\"https:\/\/www.colorama.pt\/wp-content\/uploads\/2025\/03\/IKEA-_-ESTUDIO-DE-PLANIFICACAO-BEJA-_-2025-_-7IV00741-copia.jpeg\" \/><br \/>\n<img decoding=\"async\" class=\"footo\" src=\"https:\/\/www.colorama.pt\/wp-content\/uploads\/2023\/10\/HAYS-FESTA-DE-GALA-2023-032-7IV04419.jpg\" \/><br \/>\n<img decoding=\"async\" class=\"footo\" src=\"https:\/\/www.colorama.pt\/wp-content\/uploads\/2025\/03\/NESPRESSO-REABRETURA-COLOMBO-2024-7VI00058-copia.jpeg\" \/><br \/>\n<img decoding=\"async\" class=\"footo\" src=\"https:\/\/www.colorama.pt\/wp-content\/uploads\/2025\/12\/PROGRAMA-NACIONAL-DE-VACINACAO-_-DGS-_-2025-33-scaled.jpg\" \/><br \/>\n<img decoding=\"async\" class=\"footo\" src=\"https:\/\/www.colorama.pt\/wp-content\/uploads\/2025\/03\/NESPRESSO-REABRETURA-COLOMBO-2024-7VI03233-copia.jpeg\" \/><br \/>\n<img decoding=\"async\" class=\"footo\" src=\"https:\/\/www.colorama.pt\/wp-content\/uploads\/2025\/03\/SIVA-CARROS-BPI-2024-7VI03630-copia.jpeg\" \/><br \/>\n<img decoding=\"async\" class=\"footo\" src=\"https:\/\/www.colorama.pt\/wp-content\/uploads\/2025\/12\/EGAS-MONIZ-_-DIA-03-_-2025-_-81-scaled.jpg\" \/><br \/>\n<img decoding=\"async\" class=\"footo\" src=\"https:\/\/www.colorama.pt\/wp-content\/uploads\/2023\/10\/ALARCON-_-HARRIS-_-TOMRA-LOGOFRUITS-_-2023-_-7IV07261.jpg\" \/><\/div>\n<\/div>\n<p>[\/et_pb_tab][et_pb_tab title=&#8221;Espa\u00e7os&#8221; _builder_version=&#8221;4.27.5&#8243; _module_preset=&#8221;default&#8221; hover_transition_duration=&#8221;0ms&#8221; hover_enabled=&#8221;0&#8243; global_colors_info=&#8221;{}&#8221; sticky_enabled=&#8221;0&#8243;]<\/p>\n<div id=\"espacos\" class=\"tabcontent\">\n<div class=\"galeria\">\n<img decoding=\"async\" class=\"footo\" alt=\"Fotografias de espa\u00e7o Colorama - Algeco - CUF Barreiro\" src=\"https:\/\/www.colorama.pt\/wp-content\/uploads\/2026\/04\/ALGECO-_-CUF-BARREIRO-_-PARTE-02-_-2025-51-scaled-1.avif\" \/><br \/>\n<img decoding=\"async\" class=\"footo\" alt=\"Fotografias de espa\u00e7o Colorama - Algeco - CUF Barreiro\" src=\"https:\/\/www.colorama.pt\/wp-content\/uploads\/2026\/04\/ALGECO-_-CUF-BARREIRO-_-PARTE-02-_-2025-56-scaled-1.avif\" \/><br \/>\n<img decoding=\"async\" class=\"footo\" alt=\"Fotografias de espa\u00e7o Colorama - Arquitetura\" src=\"https:\/\/www.colorama.pt\/wp-content\/uploads\/2026\/04\/ARQUITETURA-scaled-1.avif\" \/><br \/>\n<img decoding=\"async\" class=\"footo\" alt=\"Fotografias de espa\u00e7o Colorama - EVENCO - International Fund Forum Lisbon\" src=\"https:\/\/www.colorama.pt\/wp-content\/uploads\/2026\/04\/EVENCO-INTERNATIONAL-FUND-FORUM-LISBON-2022-A7305629.avif\" \/><br \/>\n<img decoding=\"async\" class=\"footo\" alt=\"Fotografias de espa\u00e7o Colorama - Hotel Urgeirica\" src=\"https:\/\/www.colorama.pt\/wp-content\/uploads\/2026\/04\/HOTEL-URGEIRICA-_-2025-23-scaled-1.avif\" \/><br \/>\n<img decoding=\"async\" class=\"footo\" alt=\"Fotografias de espa\u00e7o Colorama - Hotel Urgeirica\" src=\"https:\/\/www.colorama.pt\/wp-content\/uploads\/2026\/04\/HOTEL-URGEIRICA-_-2025-50-scaled-1.avif\" \/><br \/>\n<img decoding=\"async\" class=\"footo\" alt=\"Fotografias de espa\u00e7o Colorama - IKEA - Equalup\" src=\"https:\/\/www.colorama.pt\/wp-content\/uploads\/2026\/04\/IKEA-EQUALUP-2022-ESPACO-DE-TRABALHO-_A737403.avif\" \/><br \/>\n<img decoding=\"async\" class=\"footo\" alt=\"Fotografias de espa\u00e7o Colorama - IKEA - Equalup\" src=\"https:\/\/www.colorama.pt\/wp-content\/uploads\/2026\/04\/IKEA-EQUALUP-2022-TOPSHOT-3CADEIRAS-scaled.avif\" \/><br \/>\n<img decoding=\"async\" class=\"footo\" alt=\"Fotografias de espa\u00e7o Colorama - IKEA - Life at Home\" src=\"https:\/\/www.colorama.pt\/wp-content\/uploads\/2026\/04\/IKEA-LIFE-AT-HOME-2023-7VI07166-scaled.avif\" \/><br \/>\n<img decoding=\"async\" class=\"footo\" alt=\"Fotografias de espa\u00e7o Colorama - Mediaway - Temptation - Minipre\u00e7o\" src=\"https:\/\/www.colorama.pt\/wp-content\/uploads\/2026\/04\/MEDIAWAY-_-TEMPTATION-GELADOS-_-MINIPRECO-_-2023-_-7VI07829.avif\" \/><br \/>\n<img decoding=\"async\" class=\"footo\" alt=\"Fotografias de espa\u00e7o Colorama - Sanson &#038; Dalila\" src=\"https:\/\/www.colorama.pt\/wp-content\/uploads\/2026\/04\/SANSON-Y-DALILA-_-OPEN-TOUR-_-2024-_-DSC03694-scaled-1.avif\" \/><br \/>\n<img decoding=\"async\" class=\"footo\" alt=\"Fotografias de espa\u00e7o Colorama - SIVA\" src=\"https:\/\/www.colorama.pt\/wp-content\/uploads\/2026\/04\/SIVA-CARROS-BPI-2024-DJI_0235-copia.avif\" \/><br \/>\n<img decoding=\"async\" class=\"footo\" alt=\"Fotografias de espa\u00e7o Colorama - Red Hat\" src=\"https:\/\/www.colorama.pt\/wp-content\/uploads\/2026\/04\/SYD-_-RED-HAT-_-2019-00168-scaled-1.avif\" \/><br \/>\n<img decoding=\"async\" class=\"footo\" alt=\"Fotografias de espa\u00e7o Colorama - TAPTAP ZAMBEZE\" src=\"https:\/\/www.colorama.pt\/wp-content\/uploads\/2026\/04\/TAPTAP-SEND-_-ZAMBEZE-_-2022-_-_DSC8409-scaled-1.avif\" \/><br \/>\n<img decoding=\"async\" class=\"footo\" alt=\"Fotografias de espa\u00e7o Colorama - TERMINAL RODOVIARIO CAFE CAPRISTANOS - CM CALDAS DA RAINHA\" src=\"https:\/\/www.colorama.pt\/wp-content\/uploads\/2026\/04\/TERMINAL-RODOVIARIO-CAFE-CAPRISTANOS-_-CM-CALDAS-DA-RAINHA-_-2025-32-scaled-1.avif\" \/><br \/>\n<img decoding=\"async\" class=\"footo\" alt=\"Fotografias de espa\u00e7o Colorama - Tomas de Oliveira\" src=\"https:\/\/www.colorama.pt\/wp-content\/uploads\/2026\/04\/TOMAS-DE-OLIVEIRA-DSC00275.avif\" \/><br \/>\n<img decoding=\"async\" class=\"footo\" alt=\"Fotografias de espa\u00e7o Colorama - WAEG - TEAMBUILDING PENICHE\" src=\"https:\/\/www.colorama.pt\/wp-content\/uploads\/2026\/04\/WAEG-_-TEAMBUILDING-PENICHE-_-2019-0084-scaled-1.avif\" \/><\/div>\n<\/div>\n<p>[\/et_pb_tab][et_pb_tab title=&#8221;Eventos&#8221; _builder_version=&#8221;4.27.5&#8243; _module_preset=&#8221;default&#8221; hover_transition_duration=&#8221;0ms&#8221; hover_enabled=&#8221;0&#8243; global_colors_info=&#8221;{}&#8221; sticky_enabled=&#8221;0&#8243;]<\/p>\n<div id=\"eventos\" class=\"tabcontent\">\n<div class=\"galeria\">\n<img decoding=\"async\" class=\"footo\" alt=\"Fotografias de evento Colorama - Confer\u00eancias Oceanos - Embaixada da Jamaica\" src=\"https:\/\/www.colorama.pt\/wp-content\/uploads\/2026\/04\/1JUL2022_CONF_OCEANOS_JAMAICA-scaled.avif\" \/><br \/>\n<img decoding=\"async\" class=\"footo\" alt=\"Fotografias de espa\u00e7o Colorama -  \" src=\"https:\/\/www.colorama.pt\/wp-content\/uploads\/2026\/04\/29-GRAUS-PREMIOS-HOSPITAIS-PRIVADOS-2023-7VI06666-scaled.avif\" \/><br \/>\n<img decoding=\"async\" class=\"footo\" alt=\"Fotografias de evento Colorama - 29 Graus - Pr\u00e9mios Hospitais Privados\" src=\"https:\/\/www.colorama.pt\/wp-content\/uploads\/2023\/10\/OUTSYSTEMS-_-2023-_-7IV05148.jpg\" \/><br \/>\n<img decoding=\"async\" class=\"footo\" alt=\"Fotografias de evento Colorama - 29 Graus - Pr\u00e9mios Hospitais Privados\" src=\"https:\/\/www.colorama.pt\/wp-content\/uploads\/2026\/04\/29-GRAUS-PREMIOS-HOSPITAIS-PRIVADOS-2023-07448-scaled.avif\" \/><br \/>\n<img decoding=\"async\" class=\"footo\" alt=\"Fotografias de evento Colorama - 29 Graus - Pr\u00e9mios Hospitais Privados\" src=\"https:\/\/www.colorama.pt\/wp-content\/uploads\/2026\/04\/29-GRAUS-PREMIOS-HOSPITAIS-PRIVADOS-2023-07515-scaled.avif\" \/><br \/>\n<img decoding=\"async\" class=\"footo\" alt=\"Fotografias de evento Colorama - 29 Graus - Pr\u00e9mios Hospitais Privados\" src=\"https:\/\/www.colorama.pt\/wp-content\/uploads\/2026\/04\/29-GRAUS-PREMIOS-HOSPITAIS-PRIVADOS-2023-09521-scaled.avif\" \/><br \/>\n<img decoding=\"async\" class=\"footo\" alt=\"Fotografias de evento Colorama - 29 Graus - Pr\u00e9mios Hospitais Privados\" src=\"https:\/\/www.colorama.pt\/wp-content\/uploads\/2026\/04\/29-GRAUS-PREMIOS-HOSPITAIS-PRIVADOS-2023-scaled.avif\" \/><br \/>\n<img decoding=\"async\" class=\"footo\" alt=\"Fotografias de evento Colorama - ABILWAYS - GCX\" src=\"https:\/\/www.colorama.pt\/wp-content\/uploads\/2026\/04\/ABILWAYS-GCX-2024-200-300-7IV07952-copia.avif\" \/><br \/>\n<img decoding=\"async\" class=\"footo\" alt=\"Fotografias de evento Colorama - AWS - Data AI Day\" src=\"https:\/\/www.colorama.pt\/wp-content\/uploads\/2026\/04\/AWS-DATA-AI-DAY-2024-7IV00016-copia.avif\" \/><br \/>\n<img decoding=\"async\" class=\"footo\" alt=\"Fotografias de evento Colorama - CODIGOPRO - FESTA 60 ANOS - VARILUX\" src=\"https:\/\/www.colorama.pt\/wp-content\/uploads\/2026\/04\/CODIGOPRO-_-FESTA-60-ANOS-VARILUX-_-2019-00611-scaled-1.avif\" \/><br \/>\n<img decoding=\"async\" class=\"footo\" alt=\"Fotografias de evento Colorama - OECD - DGS - PARIS Patient Reported Indicator Surveys \" src=\"https:\/\/www.colorama.pt\/wp-content\/uploads\/2026\/04\/DGS-PaRIS-2025-67-copia-scaled-1.avif\" \/><br \/>\n<img decoding=\"async\" class=\"footo\" alt=\"Fotografias de evento Colorama - OECD - DGS - PARIS Patient Reported Indicator Surveys \" src=\"https:\/\/www.colorama.pt\/wp-content\/uploads\/2026\/04\/DGS-PARIS-2025-QUICK-EDIT-DSC08353-copia.avif\" \/><br \/>\n<img decoding=\"async\" class=\"footo\" alt=\"Fotografias de evento Colorama - Finantia - Festa de Natal\" src=\"https:\/\/www.colorama.pt\/wp-content\/uploads\/2026\/04\/FINANTIA-FESTA-DE-NATAL-2022-A7303247.avif\" \/><br \/>\n<img decoding=\"async\" class=\"footo\" alt=\"Fotografias de evento Colorama - HAYS - Festa de Gala\" src=\"https:\/\/www.colorama.pt\/wp-content\/uploads\/2026\/04\/HAYS-FESTA-DE-GALA-2023-032-7IV04419.avif\" \/><br \/>\n<img decoding=\"async\" class=\"footo\" alt=\"Fotografias de evento Colorama - HAYS - Festa de Gala\" src=\"https:\/\/www.colorama.pt\/wp-content\/uploads\/2026\/04\/HAYS-FESTA-DE-GALA-2023-086-7VI08719.avif\" \/><br \/>\n<img decoding=\"async\" class=\"footo\" alt=\"Fotografias de evento Colorama - IFE - Confer\u00eancias DH\" src=\"https:\/\/www.colorama.pt\/wp-content\/uploads\/2026\/04\/IFE-_-CONFERENCIAS-DH-_-2018-04390-2-scaled-1.avif\" \/><br \/>\n<img decoding=\"async\" class=\"footo\" alt=\"Fotografias de evento Colorama - Majorel - Festa de Natal\" src=\"https:\/\/www.colorama.pt\/wp-content\/uploads\/2026\/04\/MAJOREL-_-FESTA-DE-NATAL-_-2023-_-7VI02947.avif\" \/><br \/>\n<img decoding=\"async\" class=\"footo\" alt=\"Fotografias de evento Colorama - Media Channel - Gala Make a Wish\" src=\"https:\/\/www.colorama.pt\/wp-content\/uploads\/2026\/04\/MEDIA-CHANNEL-_-GALA-MAKE-A-WISH-_-2019-02788-scaled-1.avif\" \/><br \/>\n<img decoding=\"async\" class=\"footo\" alt=\"Fotografias de evento Colorama - OUTSYSTEMS\" src=\"https:\/\/www.colorama.pt\/wp-content\/uploads\/2026\/04\/OUTSYSTEMS-_-2023-_-7IV05148.avif\" \/><br \/>\n<img decoding=\"async\" class=\"footo\" alt=\"Fotografias de evento Colorama - DGS - Programa Nacional de Vacona\u00e7\u00e3o\" src=\"https:\/\/www.colorama.pt\/wp-content\/uploads\/2026\/04\/PROGRAMA-NACIONAL-DE-VACINACAO-_-DGS-_-2025-33-scaled-1.avif\" \/><br \/>\n<img decoding=\"async\" class=\"footo\" alt=\"Fotografias de evento Colorama - SIVA\" src=\"https:\/\/www.colorama.pt\/wp-content\/uploads\/2026\/04\/SIVA-_-APOS-VENDA-_-2025-_-77-scaled-1.avif\" \/><br \/>\n<img decoding=\"async\" class=\"footo\" alt=\"Fotografias de evento Colorama - PhD - Strategy Workshop\" src=\"https:\/\/www.colorama.pt\/wp-content\/uploads\/2026\/04\/SIVE-_-PHD-STRATEGY-WORKSHOP-_-2025-74-scaled-1.avif\" \/><br \/>\n<img decoding=\"async\" class=\"footo\" alt=\"Fotografias de evento Colorama - TAPTAP Send - Zambeze \" src=\"https:\/\/www.colorama.pt\/wp-content\/uploads\/2026\/04\/TAPTAP-SEND-_-ZAMBEZE-_-2022-_-_DSC8422-scaled-1.avif\" \/><\/div>\n<\/div>\n<p>[\/et_pb_tab][et_pb_tab title=&#8221;Institucional&#8221; _builder_version=&#8221;4.27.5&#8243; _module_preset=&#8221;default&#8221; hover_transition_duration=&#8221;0ms&#8221; hover_enabled=&#8221;0&#8243; global_colors_info=&#8221;{}&#8221; sticky_enabled=&#8221;0&#8243;]<\/p>\n<div id=\"institucional\" class=\"tabcontent\">\n<div class=\"galeria\">\n<img decoding=\"async\" class=\"footo\" alt=\"Fotografias de institucional Colorama - SIVA - Carros BPI\" src=\"https:\/\/www.colorama.pt\/wp-content\/uploads\/2026\/04\/SIVA-CARROS-BPI-2024-7VI03630-copia.avif\" \/><br \/>\n<img decoding=\"async\" class=\"footo\" alt=\"Fotografias de institucional Colorama - Norauto \" src=\"https:\/\/www.colorama.pt\/wp-content\/uploads\/2026\/04\/NORAUTO-_-NOVA-FARDA-_-2019-05480-scaled-1.avif\" \/><br \/>\n<img decoding=\"async\" class=\"footo\" alt=\"Fotografias de institucional Colorama - Nespresso - Reabertura Colombo\" src=\"https:\/\/www.colorama.pt\/wp-content\/uploads\/2026\/04\/NESPRESSO-REABRETURA-COLOMBO-2024-7VI03233-copia.avif\" \/><br \/>\n<img decoding=\"async\" class=\"footo\" alt=\"Fotografias de institucional Colorama - LDC\" src=\"https:\/\/www.colorama.pt\/wp-content\/uploads\/2026\/04\/LDC-_-LISNAVE-_-2020-67-scaled-1.avif\" \/><br \/>\n<img decoding=\"async\" class=\"footo\" alt=\"Fotografias de institucional Colorama - IKEA SO - Employer Branding\" src=\"https:\/\/www.colorama.pt\/wp-content\/uploads\/2026\/04\/IKEA-SO-_-EMPLOYER-BRANDING-_-ALFRAGIDE-_-2022-_-_41A8020-scaled-1.avif\" \/><br \/>\n<img decoding=\"async\" class=\"footo\" alt=\"Fotografias de institucional Colorama - IKEA SO - Employer Branding \" src=\"https:\/\/www.colorama.pt\/wp-content\/uploads\/2026\/04\/IKEA-SO-_-EMPLOYER-BRANDING-_-2022-_-EMANUEL-_-_41A6822-scaled-1.avif\" \/><br \/>\n<img decoding=\"async\" class=\"footo\" alt=\"Fotografias de institucional Colorama - IKEA - Cl\u00e1udia Semedo - Podcast Igualmente\" src=\"https:\/\/www.colorama.pt\/wp-content\/uploads\/2026\/04\/IKEA-PODCAST-EP1-A7305478.avif\" \/><br \/>\n<img decoding=\"async\" class=\"footo\" alt=\"Fotografias de institucional Colorama - IKEA - Est\u00fadio de Planifica\u00e7\u00e3o Beja\" src=\"https:\/\/www.colorama.pt\/wp-content\/uploads\/2026\/04\/IKEA-_-ESTUDIO-DE-PLANIFICACAO-BEJA-_-2025-_-7IV00741-copia.avif\" \/><br \/>\n<img decoding=\"async\" class=\"footo\" alt=\"Fotografias de institucional Colorama - Galucho - Apresenta\u00e7\u00e3o Ultra Light\" src=\"https:\/\/www.colorama.pt\/wp-content\/uploads\/2026\/04\/GALUCHO-APRESENTACAO-ULTRA-LIGHT-2023-7IV04077-scaled.avif\" \/><br \/>\n<img decoding=\"async\" class=\"footo\" alt=\"Fotografias de institucional Colorama - Galucho - Apresenta\u00e7\u00e3o Ultra Light\" src=\"https:\/\/www.colorama.pt\/wp-content\/uploads\/2026\/04\/GALUCHO-APRESENTACAO-ULTRA-LIGHT-2023-7IV02525-scaled.avif\" \/><br \/>\n<img decoding=\"async\" class=\"footo\" alt=\"Fotografias de institucional Colorama - Egas Moniz\" src=\"https:\/\/www.colorama.pt\/wp-content\/uploads\/2026\/04\/EGAS-MONIZ-_-DIA-03-_-2025-_-81-scaled-1.avif\" \/><br \/>\n<img decoding=\"async\" class=\"footo\" alt=\"Fotografias de institucional Colorama - ALARCON - HARRIS - TOMRA - LOGOFRUITS  \" src=\"https:\/\/www.colorama.pt\/wp-content\/uploads\/2026\/04\/ALARCON-_-HARRIS-_-TOMRA-LOGOFRUITS-_-2023-_-7IV07261.avif\" \/><br \/>\n<img decoding=\"async\" class=\"footo\" alt=\"Fotografias de institucional Colorama - ALARCON - HARRIS - TOMRA - LOGOFRUITS \" src=\"https:\/\/www.colorama.pt\/wp-content\/uploads\/2026\/04\/ALARCON-_-HARRIS-_-TOMRA-LOGOFRUITS-_-2023-_-7IV07176.avif\" \/><br \/>\n<img decoding=\"async\" class=\"footo\" alt=\"Fotografias de institucional Colorama - Nespresso - Reabertura Colombo\" src=\"https:\/\/www.colorama.pt\/wp-content\/uploads\/2026\/04\/NESPRESSO-REABRETURA-COLOMBO-2024-7VI00058-copia.avif\" \/><\/div>\n<\/div>\n<p>[\/et_pb_tab][et_pb_tab title=&#8221;Produto&#8221; _builder_version=&#8221;4.27.5&#8243; _module_preset=&#8221;default&#8221; hover_transition_duration=&#8221;0ms&#8221; global_colors_info=&#8221;{}&#8221;]<\/p>\n<div id=\"produto\" class=\"tabcontent\">\n<div class=\"galeria\">\n<img decoding=\"async\" class=\"footo\" alt=\"Fotografias de produto Colorama - BluePoint\" src=\"https:\/\/www.colorama.pt\/wp-content\/uploads\/2026\/04\/BLUEPOINT-_-ON-0342-scaled-1.avif\" \/><br \/>\n<img decoding=\"async\" class=\"footo\" alt=\"Fotografias de institucional Colorama - Finantia\" src=\"https:\/\/www.colorama.pt\/wp-content\/uploads\/2026\/04\/FINANTIA-FESTA-DE-NATAL-2022-A7303247-1.avif\" \/><br \/>\n<img decoding=\"async\" class=\"footo\" alt=\"Fotografias de institucional Colorama\" src=\"https:\/\/www.colorama.pt\/wp-content\/uploads\/2026\/04\/FOOD-00148_1-Editar-scaled-1.avif\" \/><br \/>\n<img decoding=\"async\" class=\"footo\" alt=\"Fotografias de institucional Colorama - IFE\" src=\"https:\/\/www.colorama.pt\/wp-content\/uploads\/2026\/04\/IFE-_-18a-EXPO-RH-_-DIA-1-_-2019-00992-scaled-1.avif\" \/><br \/>\n<img decoding=\"async\" class=\"footo\" alt=\"Fotografias de institucional Colorama - IFE\" src=\"https:\/\/www.colorama.pt\/wp-content\/uploads\/2026\/04\/IFE-_-SMARTPAYMENTS-_-DIA-1-_-ORIGINAL-_-2018-8903-2-scaled-1.avif\" \/><br \/>\n<img decoding=\"async\" class=\"footo\" alt=\"Fotografias de institucional Colorama - IFE\" src=\"https:\/\/www.colorama.pt\/wp-content\/uploads\/2026\/04\/IFE-CONFERENCIAS-DH-2019-00175-scaled.avif\" \/><br \/>\n<img decoding=\"async\" class=\"footo\" alt=\"Fotografias de institucional Colorama - IFE\" src=\"https:\/\/www.colorama.pt\/wp-content\/uploads\/2026\/04\/IFE-CONFERENCIAS-DH-2019-00197-scaled.avif\" \/><br \/>\n<img decoding=\"async\" class=\"footo\" alt=\"Fotografias de institucional Colorama - IFE\" src=\"https:\/\/www.colorama.pt\/wp-content\/uploads\/2026\/04\/IFE-CONFERENCIAS-DH-2019-01044-scaled.avif\" \/><br \/>\n<img decoding=\"async\" class=\"footo\" alt=\"Fotografias de institucional Colorama - IKEA\" src=\"https:\/\/www.colorama.pt\/wp-content\/uploads\/2026\/04\/IKEA-_-TABLET-_-2020-00237-scaled-1.avif\" \/><br \/>\n<img decoding=\"async\" class=\"footo\" alt=\"Fotografias de institucional Colorama - IKEA\" src=\"https:\/\/www.colorama.pt\/wp-content\/uploads\/2026\/04\/IKEA-LIFE-AT-HOME-2023-7VI06153-scaled.avif\" \/><br \/>\n<img decoding=\"async\" class=\"footo\" alt=\"Fotografias de institucional Colorama - IKEA\" src=\"https:\/\/www.colorama.pt\/wp-content\/uploads\/2026\/04\/IKEA-LIFE-AT-HOME-2023-7VI06155-scaled-1.avif\" \/><br \/>\n<img decoding=\"async\" class=\"footo\" alt=\"Fotografias de institucional Colorama - IKEA\" src=\"https:\/\/www.colorama.pt\/wp-content\/uploads\/2026\/04\/IKEA-LIFE-AT-HOME-2023-A7305995-scaled.avif\" \/><br \/>\n<img decoding=\"async\" class=\"footo\" alt=\"Fotografias de institucional Colorama - IKEA\" src=\"https:\/\/www.colorama.pt\/wp-content\/uploads\/2026\/04\/IKEA-LIFE-AT-HOME-2023-A7306749-scaled.avif\" \/><br \/>\n<img decoding=\"async\" class=\"footo\" alt=\"Fotografias de institucional Colorama - KSA - Penha Longa Resort\" src=\"https:\/\/www.colorama.pt\/wp-content\/uploads\/2026\/04\/KSA-MEETING-PENHA-LONGA-RESORT-_A732691.avif\" \/><br \/>\n<img decoding=\"async\" class=\"footo\" alt=\"Fotografias de institucional Colorama - Libertinus - Vinhos Regionais do Tejo\" src=\"https:\/\/www.colorama.pt\/wp-content\/uploads\/2026\/04\/LIBERTINUS_ALVARINHO-VINHO-REGIONAL-DO-TEJO-RED-WHITE-scaled.avif\" \/><br \/>\n<img decoding=\"async\" class=\"footo\" alt=\"Fotografias de institucional Colorama - Mediaway - Minipre\u00e7o\" src=\"https:\/\/www.colorama.pt\/wp-content\/uploads\/2026\/04\/MEDIAWAY-_-TEMPTATION-GELADOS-_-MINIPRECO-_-2023-_-7VI08560.avif\" \/><br \/>\n<img decoding=\"async\" class=\"footo\" alt=\"Fotografias de institucional Colorama - NBCC\" src=\"https:\/\/www.colorama.pt\/wp-content\/uploads\/2026\/04\/NBCC-_-JANTAR-DE-NATAL-_-2019-00152.avif\" \/><br \/>\n<img decoding=\"async\" class=\"footo\" alt=\"Fotografias de institucional Colorama - OUTSYSTEMS\" src=\"https:\/\/www.colorama.pt\/wp-content\/uploads\/2026\/04\/OUTSYSTEMS-_-2023-_-7IV06205.avif\" \/><\/div>\n<\/div>\n<p>[\/et_pb_tab][\/et_pb_tabs][\/et_pb_column][\/et_pb_row][\/et_pb_section]<\/p>\n","protected":false},"excerpt":{"rendered":"","protected":false},"author":1,"featured_media":0,"parent":0,"menu_order":0,"comment_status":"closed","ping_status":"closed","template":"","meta":{"_et_pb_use_builder":"on","_et_pb_old_content":"","_et_gb_content_width":"","footnotes":""},"class_list":["post-319904","page","type-page","status-publish","hentry"],"yoast_head":"<!-- This site is optimized with the Yoast SEO plugin v27.4 - https:\/\/yoast.com\/product\/yoast-seo-wordpress\/ -->\n<title>Fotografia<\/title>\n<meta name=\"description\" content=\"Fotografia profissional: Captura de momentos \u00fanicos e edi\u00e7\u00e3o de imagem de alta qualidade para eventos corporativos, retratos, produtos...\" \/>\n<meta name=\"robots\" content=\"index, follow, max-snippet:-1, max-image-preview:large, max-video-preview:-1\" \/>\n<link rel=\"canonical\" href=\"https:\/\/www.colorama.pt\/en\/fotografia\/\" \/>\n<meta property=\"og:locale\" content=\"en_GB\" \/>\n<meta property=\"og:type\" content=\"article\" \/>\n<meta property=\"og:title\" content=\"Fotografia\" \/>\n<meta property=\"og:description\" content=\"Fotografia profissional: Captura de momentos \u00fanicos e edi\u00e7\u00e3o de imagem de alta qualidade para eventos corporativos, retratos, produtos...\" \/>\n<meta property=\"og:url\" content=\"https:\/\/www.colorama.pt\/en\/fotografia\/\" \/>\n<meta property=\"og:site_name\" content=\"Colorama\" \/>\n<meta property=\"article:publisher\" content=\"https:\/\/www.facebook.com\/coloramaaudiovisual\/\" \/>\n<meta property=\"article:modified_time\" content=\"2026-04-21T10:19:22+00:00\" \/>\n<meta property=\"og:image\" content=\"https:\/\/www.colorama.pt\/wp-content\/uploads\/2025\/12\/SIVA-_-APOS-VENDA-_-2025-_-77-scaled.jpg\" \/>\n<meta name=\"twitter:card\" content=\"summary_large_image\" \/>\n<meta name=\"twitter:label1\" content=\"Estimated reading time\" \/>\n\t<meta name=\"twitter:data1\" content=\"23 minutes\" \/>\n<script type=\"application\/ld+json\" class=\"yoast-schema-graph\">{\"@context\":\"https:\\\/\\\/schema.org\",\"@graph\":[{\"@type\":\"WebPage\",\"@id\":\"https:\\\/\\\/www.colorama.pt\\\/fotografia\\\/\",\"url\":\"https:\\\/\\\/www.colorama.pt\\\/fotografia\\\/\",\"name\":\"Fotografia\",\"isPartOf\":{\"@id\":\"https:\\\/\\\/www.colorama.pt\\\/#website\"},\"primaryImageOfPage\":{\"@id\":\"https:\\\/\\\/www.colorama.pt\\\/fotografia\\\/#primaryimage\"},\"image\":{\"@id\":\"https:\\\/\\\/www.colorama.pt\\\/fotografia\\\/#primaryimage\"},\"thumbnailUrl\":\"https:\\\/\\\/www.colorama.pt\\\/wp-content\\\/uploads\\\/2025\\\/12\\\/SIVA-_-APOS-VENDA-_-2025-_-77-scaled.jpg\",\"datePublished\":\"2024-07-26T09:48:06+00:00\",\"dateModified\":\"2026-04-21T10:19:22+00:00\",\"description\":\"Fotografia profissional: Captura de momentos \u00fanicos e edi\u00e7\u00e3o de imagem de alta qualidade para eventos corporativos, retratos, produtos...\",\"breadcrumb\":{\"@id\":\"https:\\\/\\\/www.colorama.pt\\\/fotografia\\\/#breadcrumb\"},\"inLanguage\":\"en-GB\",\"potentialAction\":[{\"@type\":\"ReadAction\",\"target\":[\"https:\\\/\\\/www.colorama.pt\\\/fotografia\\\/\"]}]},{\"@type\":\"ImageObject\",\"inLanguage\":\"en-GB\",\"@id\":\"https:\\\/\\\/www.colorama.pt\\\/fotografia\\\/#primaryimage\",\"url\":\"https:\\\/\\\/www.colorama.pt\\\/wp-content\\\/uploads\\\/2025\\\/12\\\/SIVA-_-APOS-VENDA-_-2025-_-77-scaled.jpg\",\"contentUrl\":\"https:\\\/\\\/www.colorama.pt\\\/wp-content\\\/uploads\\\/2025\\\/12\\\/SIVA-_-APOS-VENDA-_-2025-_-77-scaled.jpg\"},{\"@type\":\"BreadcrumbList\",\"@id\":\"https:\\\/\\\/www.colorama.pt\\\/fotografia\\\/#breadcrumb\",\"itemListElement\":[{\"@type\":\"ListItem\",\"position\":1,\"name\":\"Home\",\"item\":\"https:\\\/\\\/www.colorama.pt\\\/\"},{\"@type\":\"ListItem\",\"position\":2,\"name\":\"\u2022 Fotografias\"}]},{\"@type\":\"WebSite\",\"@id\":\"https:\\\/\\\/www.colorama.pt\\\/#website\",\"url\":\"https:\\\/\\\/www.colorama.pt\\\/\",\"name\":\"Colorama\",\"description\":\"Tudo o que precisa para a comunica\u00e7\u00e3o da sua empresa: v\u00eddeo, streaming, podcast, fotografia, design e aluguer de equipamento e est\u00fadio.\",\"publisher\":{\"@id\":\"https:\\\/\\\/www.colorama.pt\\\/#organization\"},\"potentialAction\":[{\"@type\":\"SearchAction\",\"target\":{\"@type\":\"EntryPoint\",\"urlTemplate\":\"https:\\\/\\\/www.colorama.pt\\\/?s={search_term_string}\"},\"query-input\":{\"@type\":\"PropertyValueSpecification\",\"valueRequired\":true,\"valueName\":\"search_term_string\"}}],\"inLanguage\":\"en-GB\"},{\"@type\":\"Organization\",\"@id\":\"https:\\\/\\\/www.colorama.pt\\\/#organization\",\"name\":\"Colorama\",\"url\":\"https:\\\/\\\/www.colorama.pt\\\/\",\"logo\":{\"@type\":\"ImageObject\",\"inLanguage\":\"en-GB\",\"@id\":\"https:\\\/\\\/www.colorama.pt\\\/#\\\/schema\\\/logo\\\/image\\\/\",\"url\":\"https:\\\/\\\/www.colorama.pt\\\/wp-content\\\/uploads\\\/2020\\\/07\\\/Logo-SIMBOLO-09-copy.png\",\"contentUrl\":\"https:\\\/\\\/www.colorama.pt\\\/wp-content\\\/uploads\\\/2020\\\/07\\\/Logo-SIMBOLO-09-copy.png\",\"width\":486,\"height\":489,\"caption\":\"Colorama\"},\"image\":{\"@id\":\"https:\\\/\\\/www.colorama.pt\\\/#\\\/schema\\\/logo\\\/image\\\/\"},\"sameAs\":[\"https:\\\/\\\/www.facebook.com\\\/coloramaaudiovisual\\\/\",\"https:\\\/\\\/www.linkedin.com\\\/company\\\/coloramacomunicacaoimagem\",\"https:\\\/\\\/www.instagram.com\\\/colorama_audiovisuais\\\/\"]}]}<\/script>\n<!-- \/ Yoast SEO plugin. -->","yoast_head_json":{"title":"Photography","description":"Fotografia profissional: Captura de momentos \u00fanicos e edi\u00e7\u00e3o de imagem de alta qualidade para eventos corporativos, retratos, produtos...","robots":{"index":"index","follow":"follow","max-snippet":"max-snippet:-1","max-image-preview":"max-image-preview:large","max-video-preview":"max-video-preview:-1"},"canonical":"https:\/\/www.colorama.pt\/en\/fotografia\/","og_locale":"en_GB","og_type":"article","og_title":"Fotografia","og_description":"Fotografia profissional: Captura de momentos \u00fanicos e edi\u00e7\u00e3o de imagem de alta qualidade para eventos corporativos, retratos, produtos...","og_url":"https:\/\/www.colorama.pt\/en\/fotografia\/","og_site_name":"Colorama","article_publisher":"https:\/\/www.facebook.com\/coloramaaudiovisual\/","article_modified_time":"2026-04-21T10:19:22+00:00","og_image":[{"url":"https:\/\/www.colorama.pt\/wp-content\/uploads\/2025\/12\/SIVA-_-APOS-VENDA-_-2025-_-77-scaled.jpg","type":"","width":"","height":""}],"twitter_card":"summary_large_image","twitter_misc":{"Estimated reading time":"23 minutes"},"schema":{"@context":"https:\/\/schema.org","@graph":[{"@type":"WebPage","@id":"https:\/\/www.colorama.pt\/fotografia\/","url":"https:\/\/www.colorama.pt\/fotografia\/","name":"Photography","isPartOf":{"@id":"https:\/\/www.colorama.pt\/#website"},"primaryImageOfPage":{"@id":"https:\/\/www.colorama.pt\/fotografia\/#primaryimage"},"image":{"@id":"https:\/\/www.colorama.pt\/fotografia\/#primaryimage"},"thumbnailUrl":"https:\/\/www.colorama.pt\/wp-content\/uploads\/2025\/12\/SIVA-_-APOS-VENDA-_-2025-_-77-scaled.jpg","datePublished":"2024-07-26T09:48:06+00:00","dateModified":"2026-04-21T10:19:22+00:00","description":"Fotografia profissional: Captura de momentos \u00fanicos e edi\u00e7\u00e3o de imagem de alta qualidade para eventos corporativos, retratos, produtos...","breadcrumb":{"@id":"https:\/\/www.colorama.pt\/fotografia\/#breadcrumb"},"inLanguage":"en-GB","potentialAction":[{"@type":"ReadAction","target":["https:\/\/www.colorama.pt\/fotografia\/"]}]},{"@type":"ImageObject","inLanguage":"en-GB","@id":"https:\/\/www.colorama.pt\/fotografia\/#primaryimage","url":"https:\/\/www.colorama.pt\/wp-content\/uploads\/2025\/12\/SIVA-_-APOS-VENDA-_-2025-_-77-scaled.jpg","contentUrl":"https:\/\/www.colorama.pt\/wp-content\/uploads\/2025\/12\/SIVA-_-APOS-VENDA-_-2025-_-77-scaled.jpg"},{"@type":"BreadcrumbList","@id":"https:\/\/www.colorama.pt\/fotografia\/#breadcrumb","itemListElement":[{"@type":"ListItem","position":1,"name":"Home","item":"https:\/\/www.colorama.pt\/"},{"@type":"ListItem","position":2,"name":"\u2022 Fotografias"}]},{"@type":"WebSite","@id":"https:\/\/www.colorama.pt\/#website","url":"https:\/\/www.colorama.pt\/","name":"Colourama","description":"Everything you need for your company's communication: video, streaming, podcast, photography, design and equipment and studio hire.","publisher":{"@id":"https:\/\/www.colorama.pt\/#organization"},"potentialAction":[{"@type":"SearchAction","target":{"@type":"EntryPoint","urlTemplate":"https:\/\/www.colorama.pt\/?s={search_term_string}"},"query-input":{"@type":"PropertyValueSpecification","valueRequired":true,"valueName":"search_term_string"}}],"inLanguage":"en-GB"},{"@type":"Organization","@id":"https:\/\/www.colorama.pt\/#organization","name":"Colourama","url":"https:\/\/www.colorama.pt\/","logo":{"@type":"ImageObject","inLanguage":"en-GB","@id":"https:\/\/www.colorama.pt\/#\/schema\/logo\/image\/","url":"https:\/\/www.colorama.pt\/wp-content\/uploads\/2020\/07\/Logo-SIMBOLO-09-copy.png","contentUrl":"https:\/\/www.colorama.pt\/wp-content\/uploads\/2020\/07\/Logo-SIMBOLO-09-copy.png","width":486,"height":489,"caption":"Colorama"},"image":{"@id":"https:\/\/www.colorama.pt\/#\/schema\/logo\/image\/"},"sameAs":["https:\/\/www.facebook.com\/coloramaaudiovisual\/","https:\/\/www.linkedin.com\/company\/coloramacomunicacaoimagem","https:\/\/www.instagram.com\/colorama_audiovisuais\/"]}]}},"_links":{"self":[{"href":"https:\/\/www.colorama.pt\/en\/wp-json\/wp\/v2\/pages\/319904","targetHints":{"allow":["GET"]}}],"collection":[{"href":"https:\/\/www.colorama.pt\/en\/wp-json\/wp\/v2\/pages"}],"about":[{"href":"https:\/\/www.colorama.pt\/en\/wp-json\/wp\/v2\/types\/page"}],"author":[{"embeddable":true,"href":"https:\/\/www.colorama.pt\/en\/wp-json\/wp\/v2\/users\/1"}],"replies":[{"embeddable":true,"href":"https:\/\/www.colorama.pt\/en\/wp-json\/wp\/v2\/comments?post=319904"}],"version-history":[{"count":68,"href":"https:\/\/www.colorama.pt\/en\/wp-json\/wp\/v2\/pages\/319904\/revisions"}],"predecessor-version":[{"id":322439,"href":"https:\/\/www.colorama.pt\/en\/wp-json\/wp\/v2\/pages\/319904\/revisions\/322439"}],"wp:attachment":[{"href":"https:\/\/www.colorama.pt\/en\/wp-json\/wp\/v2\/media?parent=319904"}],"curies":[{"name":"wp","href":"https:\/\/api.w.org\/{rel}","templated":true}]}}