{"id":321561,"date":"2025-05-16T09:38:51","date_gmt":"2025-05-16T08:38:51","guid":{"rendered":"https:\/\/www.colorama.pt\/?page_id=321561"},"modified":"2025-08-07T09:57:32","modified_gmt":"2025-08-07T08:57:32","slug":"aluguer","status":"publish","type":"page","link":"https:\/\/www.colorama.pt\/es\/aluguer\/","title":{"rendered":"\u2022 Aluguer V2"},"content":{"rendered":"\n[et_pb_section fb_built=&#8221;1&#8243; _builder_version=&#8221;4.27.4&#8243; _module_preset=&#8221;default&#8221; custom_margin=&#8221;0px|0px|0px|0px|false|false&#8221; custom_padding=&#8221;0px|0px|0px|0px|false|false&#8221; animation_style=&#8221;none&#8221; global_colors_info=&#8221;{}&#8221;][et_pb_row _builder_version=&#8221;4.27.4&#8243; _module_preset=&#8221;default&#8221; width=&#8221;100%&#8221; max_width=&#8221;100%&#8221; custom_margin=&#8221;0px|0px|0px|0px|false|false&#8221; custom_padding=&#8221;0px|0px|0px|0px|false|false&#8221; global_colors_info=&#8221;{}&#8221;][et_pb_column type=&#8221;4_4&#8243; _builder_version=&#8221;4.27.4&#8243; _module_preset=&#8221;default&#8221; global_colors_info=&#8221;{}&#8221;][et_pb_code raw_content_tablet=&#8221;<div class=%22fundo-aluguer%22>\n  <section class=%22section1 top-section%22>\n    <div class=%22content-container content-theme-dark1%22>\n      <div class=%22content-inner%22>\n        <div class=%22content-center%22>\n          <h1>ALUGUE<\/h1>\n          <p1>CONNOSCO <\/br> <i class=%22arrow down%22><\/i><\/p1>\n        <\/div>\n      <\/div>\n    <\/div>\n  <\/section>\n\n  <section class=%22section1 bottom-section%22>\n    <div class=%22content-container content-theme-light1%22>\n      <div class=%22content-inner%22>\n        <div class=%22content-center%22>\n          <h1>ALUGUE<\/h1>\n          <p1>CONNOSCO<\/br> <i class=%22arrow down%22><\/i><\/p1>\n        <\/div>\n      <\/div>\n    <\/div>\n  <\/section>\n<\/div>\n\n<style>\n  .fundo-aluguer{\n    background-image: linear-gradient(135deg, #492155, #223f62);\n  }\n\n* {\n  margin: 0;\n  padding: 0;\n  border: none;\n}\n\n\/* Sections *\/\n.section1{\n  height: 100vh;\n  min-height: 500px;\n  position: relative;\n}\n\n\/* Containers *\/\n.content-container{\n  position: absolute;\n  top: 0;\n  right: 0;\n  bottom: 0;\n  left: 0;\n  z-index: 2;\n  clip: rect(auto, auto, auto, auto);\n  pointer-events: none;\n}\n.content-inner{\n  position: fixed;\n  top: 0;\n  left: 0;\n  right: 0;\n  height: 100%;\n  padding: 0;\n  z-index: 99;\n  -webkit-transform: translateZ(0);\n  transform: translateZ(0);\n  -webkit-backface-visibility: hidden;\n  backface-visibility: hidden;\n  will-change: transform;\n  -webkit-perspective: 1000;\n  perspective: 1000;\n  pointer-events: all;\n}\n.content-center{\n  height: 100%;\n  display: flex;\n  align-items: center;\n  justify-content: center;\n  flex-direction: column;\n}\n\n\n\/* Aesthetics *\/\n.top-section{\n background-image: linear-gradient(135deg, #492155, #223f62);\n}\n.bottom-section{\n  background: #e5e5e5;\n}\n.section1 h1{\n  font-size: 100px;\n  font-weight: 900;\n  text-transform: uppercase;\n  text-align: center;\n}\n.section1 p1,\n.section1 a{\n  font-size: 40px;\n  font-weight: 700;\n  letter-spacing: 7px;\n  text-transform: uppercase;\n  text-align: center;\n  line-height:1.5\n}\n\n.content-theme-dark1 h1{\n  font-family:Montserrat;\n  color: #492155;\n  text-shadow: 0 20px 40px rgba(0,0,0,.5);\n}\n.content-theme-dark1 p1,\n.content-theme-dark1 a{\n  color: #fcc00d;\n}\n.content-theme-light1 h1{\n  color:#062930;\n  text-shadow: 0 20px 40px rgba(0,0,0,.5);\n}\n.content-theme-light1 p1,\n.content-theme-light1 a{\n  color: #492155;\n}\n.arrow {\n    border: solid;\n    border-width: 0 3px 3px 0;\n    display: inline-block;\n    padding: 10px;\n  }\n\n  .down {\n    transform: rotate(45deg);\n    -webkit-transform: rotate(45deg);\n  }\n\n  \/* Make arrow same color as p1 *\/\n  .arrow {\n    border-color: #fcc00d;\n  }\n\n  .content-theme-light1 .arrow {\n    border-color: #492155;\n  }\n\n<\/style>&#8221; raw_content_phone=&#8221;<div class=%22fundo-aluguer%22>\n  <section class=%22section1 top-section%22>\n    <div class=%22content-container content-theme-dark1%22>\n      <div class=%22content-inner%22>\n        <div class=%22content-center%22>\n          <h1>ALUGUE<\/h1>\n          <p1>CONNOSCO <\/br> <i class=%22arrow down%22><\/i><\/p1>\n        <\/div>\n      <\/div>\n    <\/div>\n  <\/section>\n\n  <section class=%22section1 bottom-section%22>\n    <div class=%22content-container content-theme-light1%22>\n      <div class=%22content-inner%22>\n        <div class=%22content-center%22>\n          <h1>ALUGUE<\/h1>\n          <p1>CONNOSCO<\/br> <i class=%22arrow down%22><\/i><\/p1>\n        <\/div>\n      <\/div>\n    <\/div>\n  <\/section>\n<\/div>\n\n<style>\n  .fundo-aluguer{\n    background-image: linear-gradient(135deg, #492155, #223f62);\n  }\n\n* {\n  margin: 0;\n  padding: 0;\n  border: none;\n}\n\n\/* Sections *\/\n.section1{\n  height: 100vh;\n  min-height: 500px;\n  position: relative;\n}\n\n\/* Containers *\/\n.content-container{\n  position: absolute;\n  top: 0;\n  right: 0;\n  bottom: 0;\n  left: 0;\n  z-index: 2;\n  clip: rect(auto, auto, auto, auto);\n  pointer-events: none;\n}\n.content-inner{\n  position: fixed;\n  top: 0;\n  left: 0;\n  right: 0;\n  height: 100%;\n  padding: 0;\n  z-index: 99;\n  -webkit-transform: translateZ(0);\n  transform: translateZ(0);\n  -webkit-backface-visibility: hidden;\n  backface-visibility: hidden;\n  will-change: transform;\n  -webkit-perspective: 1000;\n  perspective: 1000;\n  pointer-events: all;\n}\n.content-center{\n  height: 100%;\n  display: flex;\n  align-items: center;\n  justify-content: center;\n  flex-direction: column;\n}\n\n\n\/* Aesthetics *\/\n.top-section{\n background-image: linear-gradient(135deg, #492155, #223f62);\n}\n.bottom-section{\n  background: #e5e5e5;\n}\n.section1 h1{\n  font-size: 50px;\n  font-weight: 900;\n  text-transform: uppercase;\n  text-align: center;\n}\n.section1 p1,\n.section1 a{\n  font-size: 30px;\n  font-weight: 700;\n  letter-spacing: 7px;\n  text-transform: uppercase;\n  text-align: center;\n  line-height:1.5\n}\n\n.content-theme-dark1 h1{\n  font-family:Montserrat;\n  color: #492155;\n  text-shadow: 0 20px 40px rgba(0,0,0,.5);\n}\n.content-theme-dark1 p1,\n.content-theme-dark1 a{\n  color: #fcc00d;\n}\n.content-theme-light1 h1{\n  color:#062930;\n  text-shadow: 0 20px 40px rgba(0,0,0,.5);\n}\n.content-theme-light1 p1,\n.content-theme-light1 a{\n  color: #492155;\n}\n.arrow {\n    border: solid;\n    border-width: 0 3px 3px 0;\n    display: inline-block;\n    padding: 10px;\n  }\n\n  .down {\n    transform: rotate(45deg);\n    -webkit-transform: rotate(45deg);\n  }\n\n  \/* Make arrow same color as p1 *\/\n  .arrow {\n    border-color: #fcc00d;\n  }\n\n  .content-theme-light1 .arrow {\n    border-color: #492155;\n  }\n\n<\/style>&#8221; raw_content_last_edited=&#8221;on|desktop&#8221; _builder_version=&#8221;4.27.4&#8243; _module_preset=&#8221;default&#8221; global_colors_info=&#8221;{}&#8221;]<div class=\"fundo-aluguer\"><!-- [et_pb_line_break_holder] -->  <section class=\"section top-section\"><!-- [et_pb_line_break_holder] -->    <div class=\"content-container content-theme-dark\"><!-- [et_pb_line_break_holder] -->      <div class=\"content-inner\"><!-- [et_pb_line_break_holder] -->        <div class=\"content-center\"><!-- [et_pb_line_break_holder] -->          <h1>ALUGUE<\/h1><!-- [et_pb_line_break_holder] -->          <pee>CONNOSCO<\/br> <i class=\"arrow down\"><\/i><\/pee><!-- [et_pb_line_break_holder] -->        <\/div><!-- [et_pb_line_break_holder] -->      <\/div><!-- [et_pb_line_break_holder] -->    <\/div><!-- [et_pb_line_break_holder] -->  <\/section><!-- [et_pb_line_break_holder] --><!-- [et_pb_line_break_holder] -->  <section class=\"section bottom-section\"><!-- [et_pb_line_break_holder] -->    <div class=\"content-container content-theme-light\"><!-- [et_pb_line_break_holder] -->      <div class=\"content-inner\"><!-- [et_pb_line_break_holder] -->        <div class=\"content-center\"><!-- [et_pb_line_break_holder] -->          <h1>ALUGUE<\/h1><!-- [et_pb_line_break_holder] -->          <pee>CONNOSCO<\/br> <i class=\"arrow down\"><\/i><\/pee><!-- [et_pb_line_break_holder] -->          <!-- [et_pb_line_break_holder] -->        <\/div><!-- [et_pb_line_break_holder] -->      <\/div><!-- [et_pb_line_break_holder] -->    <\/div><!-- [et_pb_line_break_holder] -->  <\/section><!-- [et_pb_line_break_holder] --><\/div><!-- [et_pb_line_break_holder] --><!-- [et_pb_line_break_holder] --><style><!-- [et_pb_line_break_holder] -->  .fundo-aluguer{<!-- [et_pb_line_break_holder] -->    background-image: linear-gradient(135deg, #492155, #223f62);<!-- [et_pb_line_break_holder] -->  }<!-- [et_pb_line_break_holder] --><!-- [et_pb_line_break_holder] -->* {<!-- [et_pb_line_break_holder] -->  margin: 0;<!-- [et_pb_line_break_holder] -->  padding: 0;<!-- [et_pb_line_break_holder] -->  border: none;<!-- [et_pb_line_break_holder] -->}<!-- [et_pb_line_break_holder] --><!-- [et_pb_line_break_holder] -->\/* Sections *\/<!-- [et_pb_line_break_holder] -->.section{<!-- [et_pb_line_break_holder] -->  height: 100vh;<!-- [et_pb_line_break_holder] -->  min-height: 500px;<!-- [et_pb_line_break_holder] -->  position: relative;<!-- [et_pb_line_break_holder] -->}<!-- [et_pb_line_break_holder] --><!-- [et_pb_line_break_holder] -->\/* Containers *\/<!-- [et_pb_line_break_holder] -->.content-container{<!-- [et_pb_line_break_holder] -->  position: absolute;<!-- [et_pb_line_break_holder] -->  top: 0;<!-- [et_pb_line_break_holder] -->  right: 0;<!-- [et_pb_line_break_holder] -->  bottom: 0;<!-- [et_pb_line_break_holder] -->  left: 0;<!-- [et_pb_line_break_holder] -->  z-index: 2;<!-- [et_pb_line_break_holder] -->  clip: rect(auto, auto, auto, auto);<!-- [et_pb_line_break_holder] -->  pointer-events: none;<!-- [et_pb_line_break_holder] -->}<!-- [et_pb_line_break_holder] -->.content-inner{<!-- [et_pb_line_break_holder] -->  position: fixed;<!-- [et_pb_line_break_holder] -->  top: 0;<!-- [et_pb_line_break_holder] -->  left: 0;<!-- [et_pb_line_break_holder] -->  right: 0;<!-- [et_pb_line_break_holder] -->  height: 100%;<!-- [et_pb_line_break_holder] -->  padding: 0;<!-- [et_pb_line_break_holder] -->  z-index: 99;<!-- [et_pb_line_break_holder] -->  -webkit-transform: translateZ(0);<!-- [et_pb_line_break_holder] -->  transform: translateZ(0);<!-- [et_pb_line_break_holder] -->  -webkit-backface-visibility: hidden;<!-- [et_pb_line_break_holder] -->  backface-visibility: hidden;<!-- [et_pb_line_break_holder] -->  will-change: transform;<!-- [et_pb_line_break_holder] -->  -webkit-perspective: 1000;<!-- [et_pb_line_break_holder] -->  perspective: 1000;<!-- [et_pb_line_break_holder] -->  pointer-events: all;<!-- [et_pb_line_break_holder] -->}<!-- [et_pb_line_break_holder] -->.content-center{<!-- [et_pb_line_break_holder] -->  height: 100%;<!-- [et_pb_line_break_holder] -->  display: flex;<!-- [et_pb_line_break_holder] -->  align-items: center;<!-- [et_pb_line_break_holder] -->  justify-content: center;<!-- [et_pb_line_break_holder] -->  flex-direction: column;<!-- [et_pb_line_break_holder] -->}<!-- [et_pb_line_break_holder] --><!-- [et_pb_line_break_holder] --><!-- [et_pb_line_break_holder] -->\/* Aesthetics *\/<!-- [et_pb_line_break_holder] -->.top-section{<!-- [et_pb_line_break_holder] --> background-image: linear-gradient(135deg, #492155, #223f62);<!-- [et_pb_line_break_holder] -->}<!-- [et_pb_line_break_holder] -->.bottom-section{<!-- [et_pb_line_break_holder] -->  background: #e5e5e5;<!-- [et_pb_line_break_holder] -->}<!-- [et_pb_line_break_holder] -->.section h1{<!-- [et_pb_line_break_holder] -->  font-size: 200px;<!-- [et_pb_line_break_holder] -->  font-weight: 900;<!-- [et_pb_line_break_holder] -->  text-transform: uppercase;<!-- [et_pb_line_break_holder] -->  text-align: center;<!-- [et_pb_line_break_holder] -->}<!-- [et_pb_line_break_holder] -->.section p,<!-- [et_pb_line_break_holder] -->.section a{<!-- [et_pb_line_break_holder] -->  font-size: 80px;<!-- [et_pb_line_break_holder] -->  font-weight: 700;<!-- [et_pb_line_break_holder] -->  letter-spacing: 7px;<!-- [et_pb_line_break_holder] -->  text-transform: uppercase;<!-- [et_pb_line_break_holder] -->  text-align: center;<!-- [et_pb_line_break_holder] -->  line-height:1.5<!-- [et_pb_line_break_holder] -->}<!-- [et_pb_line_break_holder] --><!-- [et_pb_line_break_holder] -->.content-theme-dark h1{<!-- [et_pb_line_break_holder] -->  font-family:Montserrat;<!-- [et_pb_line_break_holder] -->  color: #492155;<!-- [et_pb_line_break_holder] -->  text-shadow: 0 20px 40px rgba(0,0,0,.5);<!-- [et_pb_line_break_holder] -->}<!-- [et_pb_line_break_holder] -->.content-theme-dark p,<!-- [et_pb_line_break_holder] -->.content-theme-dark a{<!-- [et_pb_line_break_holder] -->  color: #fcc00d;<!-- [et_pb_line_break_holder] -->}<!-- [et_pb_line_break_holder] -->.content-theme-light h1{<!-- [et_pb_line_break_holder] -->  color:#062930;<!-- [et_pb_line_break_holder] -->  text-shadow: 0 20px 40px rgba(0,0,0,.5);<!-- [et_pb_line_break_holder] -->}<!-- [et_pb_line_break_holder] -->.content-theme-light p,<!-- [et_pb_line_break_holder] -->.content-theme-light a{<!-- [et_pb_line_break_holder] -->  color: #492155;<!-- [et_pb_line_break_holder] -->}<!-- [et_pb_line_break_holder] -->.arrow {<!-- [et_pb_line_break_holder] -->    border: solid;<!-- [et_pb_line_break_holder] -->    border-width: 0 3px 3px 0;<!-- [et_pb_line_break_holder] -->    display: inline-block;<!-- [et_pb_line_break_holder] -->    padding: 10px;<!-- [et_pb_line_break_holder] -->  }<!-- [et_pb_line_break_holder] --><!-- [et_pb_line_break_holder] -->  .down {<!-- [et_pb_line_break_holder] -->    transform: rotate(45deg);<!-- [et_pb_line_break_holder] -->    -webkit-transform: rotate(45deg);<!-- [et_pb_line_break_holder] -->  }<!-- [et_pb_line_break_holder] --><!-- [et_pb_line_break_holder] -->  \/* Make arrow same color as p1 *\/<!-- [et_pb_line_break_holder] -->  .arrow {<!-- [et_pb_line_break_holder] -->    border-color: #fcc00d;<!-- [et_pb_line_break_holder] -->  }<!-- [et_pb_line_break_holder] --><!-- [et_pb_line_break_holder] -->  .content-theme-light .arrow {<!-- [et_pb_line_break_holder] -->    border-color: #492155;<!-- [et_pb_line_break_holder] -->  }<!-- [et_pb_line_break_holder] --><!-- [et_pb_line_break_holder] --><\/style>[\/et_pb_code][\/et_pb_column][\/et_pb_row][\/et_pb_section][et_pb_section fb_built=&#8221;1&#8243; _builder_version=&#8221;4.27.4&#8243; _module_preset=&#8221;default&#8221; custom_margin=&#8221;0px|0px|0px|0px|false|false&#8221; custom_padding=&#8221;0px|0px|0px|0px|false|false&#8221; animation_style=&#8221;none&#8221; global_colors_info=&#8221;{}&#8221;][et_pb_row _builder_version=&#8221;4.27.4&#8243; _module_preset=&#8221;default&#8221; width=&#8221;100%&#8221; max_width=&#8221;100%&#8221; custom_margin=&#8221;0px|0px|0px|0px|false|false&#8221; custom_padding=&#8221;0px|0px|0px|0px|false|false&#8221; global_colors_info=&#8221;{}&#8221;][et_pb_column type=&#8221;4_4&#8243; _builder_version=&#8221;4.27.4&#8243; _module_preset=&#8221;default&#8221; global_colors_info=&#8221;{}&#8221;][et_pb_code raw_content_tablet=&#8221;<div class=%22fundo-blocos%22>\n<div class=%22grid-containernov%22>\n  <div class=%22grid-containernovid%22>\n      <div class=%22img4%22>\n        \n      <\/div>\n      <div class=%22itemnov%22>\n        <div class=%22textnov%22>\n          <p02>EST\u00daDIO<\/p02><\/br>\n          <p03>O nosso espa\u00e7o est\u00e1 equipado para filmagens, fotografia, podcast, e muito mais\u2026 Procura uma cor de fundo especifica? Temos a disponibilidade para pintar da cor que necessita.<\/p03><\/br><\/br>\n          <a href=%22https:\/\/www.colorama.pt\/estudio%22 class=%22custom-btn p0%22>SABER MAIS<\/a><br>\n        <\/div>\n      <\/div>\n    <\/div>\n  \n  \n    <div class=%22grid-containernovid%22>\n      <div class=%22img5%22>\n        \n      <\/div>\n      <div class=%22itemnov%22>\n        <div class=%22textnov%22>\n          <p02>EQUIPAMENTO<\/p02><\/br>\n          <p03>Atrav\u00e9s do nosso servi\u00e7o de aluguer pode usufruir do nosso material audiovisual de forma r\u00e1pida, simples e acess\u00edvel. Visite a nossa p\u00e1gina de equipamento ou contacte-nos.\n <\/p03><\/br><\/br>\n          <a href=%22https:\/\/www.colorama.pt\/rentle\/%22 class=%22custom-btn p0%22>SABER MAIS<\/a><br>\n        <\/div>\n      <\/div>\n    <\/div>\n  \n  <div class=%22grid-containernovid%22>\n      <div class=%22img1%22>\n        \n      <\/div>\n      <div class=%22itemnov%22>\n        <div class=%22textnov%22>\n          <p02>T\u00c9CNICOS<\/p02><\/br>\n          <p03>Fornecemos equipas completas ou apenas um t\u00e9cnico para apoio a produ\u00e7\u00f5es externas. Desde operadores de c\u00e2mara, editores, assistentes, produtores\u2026<\/p03><\/br><\/br>\n         <a href=%22https:\/\/www.colorama.pt\/orcamentos\/%22 class=%22custom-btn p0%22>SABER MAIS<\/a>\n        <\/div>\n      <\/div>\n    <\/div>\n  \n  \n    <div class=%22grid-containernovid%22>\n      <div class=%22img2%22>\n        \n      <\/div>\n      <div class=%22itemnov%22>\n        <div class=%22textnov%22>\n          <p02>EVENTOS<\/p02><\/br>\n          <p03>Todo o equipamento que precisa para organizar o seu evento: estruturas e palcos, som, multic\u00e2mara, backgrounds, ledwalls\u2026 Contacte-nos para mais informa\u00e7\u00f5es.\n <\/p03><\/br><\/br>\n          <a href=%22https:\/\/www.colorama.pt\/orcamentos\/%22 class=%22custom-btn p0%22>SABER MAIS<\/a>\n        <\/div>\n      <\/div>\n    <\/div>\n  <\/div>\n<\/div>\n<style>\n  .grid-containernov{\n    display:grid;\n    grid-template-columns: 49% 49%;\n    gap:5% 2%;\n    padding:0 5%;\n    margin-bottom:15%;\n  }\n  \n  .grid-containernovid{\n    display:grid;\n    grid-template-columns: 100%;\n    background-color:#383838;\n     box-shadow: 0 4px 8px 0 rgba(0, 0, 0, 0.2), 0 6px 20px 0 rgba(0, 0, 0, 0.19);\n    transition:transform .2s ease-out,-webkit-transform .2s ease-out;\n  }\n  .grid-containernovid:hover{\n transform:scale(105%);\n  }\n  \n  .img4{\n    background-image:url(%22https:\/\/www.colorama.pt\/wp-content\/uploads\/2024\/02\/ESTUDIO-2024-7VI07600-Aprimorado-NR-copy.jpg%22);\n    background-size: cover;\n    background-repeat: no-repeat;\n    background-position-y: 60%;\n    background-position-x: 60%;\n    padding:40%;\n  }\n    .img5{\n    background-image:url(%22https:\/\/www.colorama.pt\/wp-content\/uploads\/2024\/10\/COLORAMA-ALUGUER-EQUIPAMENTO.png%22);\n    background-size: cover;\n    background-repeat: no-repeat;\n    background-position-y: 60%;\n    background-position-x: 60%;\n    padding:40%;\n  }\n  .img1{\n    background-image:url(%22https:\/\/www.colorama.pt\/wp-content\/uploads\/2024\/01\/ATLETISMO-DE-LISBOA-MEETING-MARIO-MONIZ-PEREIRA-2024-7VI04927-Aprimorado-NR.jpg%22);\n    background-size: cover;\n    background-repeat: no-repeat;\n    background-position-y: 60%;\n    background-position-x: 60%;\n    padding:40%;\n  }\n  .img2{\n    background-image:url(%22https:\/\/www.colorama.pt\/wp-content\/uploads\/2023\/10\/29-GRAUS-PREMIOS-HOSPITAIS-PRIVADOS-2023-09521.jpg%22);\n    background-size: cover;\n    background-repeat: no-repeat;\n    background-position-y: 60%;\n    background-position-x: 60%;\n    padding:40%;\n  }\n  .textnov{\n    padding:10% 5% 5% 5%;\n  }\n  p02{\n    font-family:Montserrat Black;\n    font-size:20px;\n    color:#fcc00d;\n  }\n  p03{\n    font-family:Montserrat regular;\n    font-size:15px;\n    color:#fff;\n  }\n  .lermais{\n    font-family:Montserrat regular;\n    font-size:15px;\n    color:#fff;\n    font-decoration:underline;\n  }\n  .lermais:hover{\n    color:#fcc00d;\n    text-decoration:underline;\n  }\n    .p0{\n    z-index: 2;\n    transition: all 0.3s ease;\n    overflow: hidden;\n  }\n\n.custom-btn {\n  color:#fcc00d;\n  text-transform: uppercase;\n  line-height:1.2;\n  padding:2%;\n  width: 100%;\n  height: 10%;\n  padding: 10px 25px;\n  border: 1px solid #fcc00d;\n  font-family: Montserrat Black;\n  font-weight: 500;\n  font-size:20px;\n  background: transparent;\n  cursor: pointer;\n  transition: all 0.3s ease;\n  position: relative;\n  display: inline-block;\n  text-align:center;\n} \n  \n.p0:after {\n  position: absolute;\n  content: %22 %22;\n  z-index: -1;\n  top: 0;\n  left: 0;\n  width: 100%;\n  height: 100%;\n  transition: all 0.3s ease;\n}\n.p0:hover {\n  color: #223f62;\n}\n.p0:hover:after {\n  -webkit-transform: scale(2) rotate(180deg);\n  transform: scale(2) rotate(180deg);\n  background-color: #fcc00d;\n\n}\n<\/style>&#8221; raw_content_phone=&#8221;<div class=%22fundo-blocos%22>\n<div class=%22grid-containernov%22>\n  <div class=%22grid-containernovid%22>\n      <div class=%22img4%22>\n        \n      <\/div>\n      <div class=%22itemnov%22>\n        <div class=%22textnov%22>\n          <p02>EST\u00daDIO<\/p02><\/br>\n          <p03>O nosso espa\u00e7o est\u00e1 equipado para filmagens, fotografia, podcast, e muito mais\u2026 Procura uma cor de fundo especifica? Temos a disponibilidade para pintar da cor que necessita.<\/p03><\/br><\/br>\n          <a href=%22https:\/\/www.colorama.pt\/estudio%22 class=%22custom-btn p0%22>SABER MAIS<\/a><br>\n        <\/div>\n      <\/div>\n    <\/div>\n  \n  \n    <div class=%22grid-containernovid%22>\n      <div class=%22img5%22>\n        \n      <\/div>\n      <div class=%22itemnov%22>\n        <div class=%22textnov%22>\n          <p02>EQUIPAMENTO<\/p02><\/br>\n          <p03>Atrav\u00e9s do nosso servi\u00e7o de aluguer pode usufruir do nosso material audiovisual de forma r\u00e1pida, simples e acess\u00edvel. Visite a nossa p\u00e1gina de equipamento ou contacte-nos.\n <\/p03><\/br><\/br>\n          <a href=%22https:\/\/www.colorama.pt\/rentle\/%22 class=%22custom-btn p0%22>SABER MAIS<\/a><br>\n        <\/div>\n      <\/div>\n    <\/div>\n  \n  <div class=%22grid-containernovid%22>\n      <div class=%22img1%22>\n        \n      <\/div>\n      <div class=%22itemnov%22>\n        <div class=%22textnov%22>\n          <p02>T\u00c9CNICOS<\/p02><\/br>\n          <p03>Fornecemos equipas completas ou apenas um t\u00e9cnico para apoio a produ\u00e7\u00f5es externas. Desde operadores de c\u00e2mara, editores, assistentes, produtores\u2026<\/p03><\/br><\/br>\n         <a href=%22https:\/\/www.colorama.pt\/orcamentos\/%22 class=%22custom-btn p0%22>SABER MAIS<\/a>\n        <\/div>\n      <\/div>\n    <\/div>\n  \n  \n    <div class=%22grid-containernovid%22>\n      <div class=%22img2%22>\n        \n      <\/div>\n      <div class=%22itemnov%22>\n        <div class=%22textnov%22>\n          <p02>EVENTOS<\/p02><\/br>\n          <p03>Todo o equipamento que precisa para organizar o seu evento: estruturas e palcos, som, multic\u00e2mara, backgrounds, ledwalls\u2026 Contacte-nos para mais informa\u00e7\u00f5es.\n <\/p03><\/br><\/br>\n          <a href=%22https:\/\/www.colorama.pt\/orcamentos\/%22 class=%22custom-btn p0%22>SABER MAIS<\/a>\n        <\/div>\n      <\/div>\n    <\/div>\n  <\/div>\n<\/div>\n\n<style>\n  .grid-containernov{\n    display:grid;\n    grid-template-columns: 100%;\n    column-gap:2%;\n    row-gap:2%;\n    padding:0 5%;\n    margin-bottom:45%;\n  }\n  \n  .grid-containernovid{\n    display:grid;\n    grid-template-columns: 100%;\n    background-color:#383838;\n     box-shadow: 0 4px 8px 0 rgba(0, 0, 0, 0.2), 0 6px 20px 0 rgba(0, 0, 0, 0.19);\n    transition:transform .2s ease-out,-webkit-transform .2s ease-out;\n  }\n  .grid-containernovid:hover{\n transform:scale(105%);\n  }\n  \n  .img4{\n    background-image:url(%22https:\/\/www.colorama.pt\/wp-content\/uploads\/2024\/02\/ESTUDIO-2024-7VI07600-Aprimorado-NR-copy.jpg%22);\n    background-size: cover;\n    background-repeat: no-repeat;\n    background-position-y: 60%;\n    background-position-x: 60%;\n    padding:40%;\n  }\n    .img5{\n    background-image:url(%22https:\/\/www.colorama.pt\/wp-content\/uploads\/2024\/10\/COLORAMA-ALUGUER-EQUIPAMENTO.png%22);\n    background-size: cover;\n    background-repeat: no-repeat;\n    background-position-y: 60%;\n    background-position-x: 60%;\n    padding:40%;\n  }\n  .img1{\n    background-image:url(%22https:\/\/www.colorama.pt\/wp-content\/uploads\/2024\/01\/ATLETISMO-DE-LISBOA-MEETING-MARIO-MONIZ-PEREIRA-2024-7VI04927-Aprimorado-NR.jpg%22);\n    background-size: cover;\n    background-repeat: no-repeat;\n    background-position-y: 60%;\n    background-position-x: 60%;\n    padding:40%;\n  }\n  .img2{\n    background-image:url(%22https:\/\/www.colorama.pt\/wp-content\/uploads\/2023\/10\/29-GRAUS-PREMIOS-HOSPITAIS-PRIVADOS-2023-09521.jpg%22);\n    background-size: cover;\n    background-repeat: no-repeat;\n    background-position-y: 60%;\n    background-position-x: 60%;\n    padding:40%;\n  }\n  .textnov{\n    padding:10% 5% 5% 5%;\n  }\n  p02{\n    font-family:Montserrat Black;\n    font-size:20px;\n    color:#fcc00d;\n  }\n  p03{\n    font-family:Montserrat regular;\n    font-size:15px;\n    color:#fff;\n  }\n  .lermais{\n    font-family:Montserrat regular;\n    font-size:15px;\n    color:#fff;\n    font-decoration:underline;\n  }\n  .lermais:hover{\n    color:#fcc00d;\n    text-decoration:underline;\n  }\n    .p0{\n    z-index: 2;\n    transition: all 0.3s ease;\n    overflow: hidden;\n  }\n\n.custom-btn {\n  color:#fcc00d;\n  text-transform: uppercase;\n  line-height:1.2;\n  padding:2%;\n  width: 100%;\n  height: 10%;\n  padding: 10px 25px;\n  border: 1px solid #fcc00d;\n  font-family: Montserrat Black;\n  font-weight: 500;\n  font-size:20px;\n  background: transparent;\n  cursor: pointer;\n  transition: all 0.3s ease;\n  position: relative;\n  display: inline-block;\n  text-align:center;\n} \n  \n.p0:after {\n  position: absolute;\n  content: %22 %22;\n  z-index: -1;\n  top: 0;\n  left: 0;\n  width: 100%;\n  height: 100%;\n  transition: all 0.3s ease;\n}\n.p0:hover {\n  color: #223f62;\n}\n.p0:hover:after {\n  -webkit-transform: scale(2) rotate(180deg);\n  transform: scale(2) rotate(180deg);\n  background-color: #fcc00d;\n\n}\n<\/style>&#8221; raw_content_last_edited=&#8221;on|phone&#8221; disabled_on=&#8221;off|off|off&#8221; _builder_version=&#8221;4.27.4&#8243; _module_preset=&#8221;default&#8221; hover_enabled=&#8221;0&#8243; locked=&#8221;off&#8221; global_colors_info=&#8221;{}&#8221; sticky_enabled=&#8221;0&#8243;]<div class=\"fundo-blocos\"><!-- [et_pb_line_break_holder] --><div class=\"grid-containernov\"><!-- [et_pb_line_break_holder] -->  <div class=\"grid-containernovid\"><!-- [et_pb_line_break_holder] -->      <div class=\"img4\"><!-- [et_pb_line_break_holder] -->        <!-- [et_pb_line_break_holder] -->      <\/div><!-- [et_pb_line_break_holder] -->      <div class=\"itemnov\"><!-- [et_pb_line_break_holder] -->        <div class=\"textnov\"><!-- [et_pb_line_break_holder] -->          <p02>EST\u00daDIO<\/p02><!\u2013- [et_pb_br_holder] -\u2013><!-- [et_pb_line_break_holder] -->          <p03>O nosso espa\u00e7o est\u00e1 equipado para filmagens, fotografia, podcast, e muito mais\u2026 Procura uma cor de fundo especifica? Temos a disponibilidade para pintar da cor que necessita.<\/p03><!\u2013- [et_pb_br_holder] -\u2013><!\u2013- [et_pb_br_holder] -\u2013><!-- [et_pb_line_break_holder] -->          <a href=\"https:\/\/www.colorama.pt\/estudio\" class=\"custom-btn p0\">SABER MAIS<\/a><!\u2013- [et_pb_br_holder] -\u2013><!-- [et_pb_line_break_holder] -->        <\/div><!-- [et_pb_line_break_holder] -->      <\/div><!-- [et_pb_line_break_holder] -->    <\/div><!-- [et_pb_line_break_holder] -->  <!-- [et_pb_line_break_holder] -->  <!-- [et_pb_line_break_holder] -->    <div class=\"grid-containernovid\"><!-- [et_pb_line_break_holder] -->      <div class=\"img5\"><!-- [et_pb_line_break_holder] -->        <!-- [et_pb_line_break_holder] -->      <\/div><!-- [et_pb_line_break_holder] -->      <div class=\"itemnov\"><!-- [et_pb_line_break_holder] -->        <div class=\"textnov\"><!-- [et_pb_line_break_holder] -->          <p02>EQUIPAMENTO<\/p02><!\u2013- [et_pb_br_holder] -\u2013><!-- [et_pb_line_break_holder] -->          <p03>Atrav\u00e9s do nosso servi\u00e7o de aluguer pode usufruir do nosso material audiovisual de forma r\u00e1pida, simples e acess\u00edvel. Visite a nossa p\u00e1gina de equipamento ou contacte-nos.<!-- [et_pb_line_break_holder] --> <\/p03><!\u2013- [et_pb_br_holder] -\u2013><!\u2013- [et_pb_br_holder] -\u2013><!-- [et_pb_line_break_holder] -->          <a href=\"https:\/\/www.colorama.pt\/rentle\/\" class=\"custom-btn p0\">SABER MAIS<\/a><!\u2013- [et_pb_br_holder] -\u2013><!-- [et_pb_line_break_holder] -->        <\/div><!-- [et_pb_line_break_holder] -->      <\/div><!-- [et_pb_line_break_holder] -->    <\/div><!-- [et_pb_line_break_holder] -->  <!-- [et_pb_line_break_holder] -->  <div class=\"grid-containernovid\"><!-- [et_pb_line_break_holder] -->      <div class=\"img1\"><!-- [et_pb_line_break_holder] -->        <!-- [et_pb_line_break_holder] -->      <\/div><!-- [et_pb_line_break_holder] -->      <div class=\"itemnov\"><!-- [et_pb_line_break_holder] -->        <div class=\"textnov\"><!-- [et_pb_line_break_holder] -->          <p02>T\u00c9CNICOS<\/p02><!\u2013- [et_pb_br_holder] -\u2013><!-- [et_pb_line_break_holder] -->          <p03>Fornecemos equipas completas ou apenas um t\u00e9cnico para apoio a produ\u00e7\u00f5es externas. Desde operadores de c\u00e2mara, editores, assistentes, produtores\u2026<\/p03><!\u2013- [et_pb_br_holder] -\u2013><!\u2013- [et_pb_br_holder] -\u2013><!-- [et_pb_line_break_holder] -->          <a href=\"https:\/\/www.colorama.pt\/orcamentos\/\" class=\"custom-btn p0\">SABER MAIS<\/a><!-- [et_pb_line_break_holder] -->         <!-- [et_pb_line_break_holder] -->        <\/div><!-- [et_pb_line_break_holder] -->      <\/div><!-- [et_pb_line_break_holder] -->    <\/div><!-- [et_pb_line_break_holder] -->  <!-- [et_pb_line_break_holder] -->  <!-- [et_pb_line_break_holder] -->    <div class=\"grid-containernovid\"><!-- [et_pb_line_break_holder] -->      <div class=\"img2\"><!-- [et_pb_line_break_holder] -->        <!-- [et_pb_line_break_holder] -->      <\/div><!-- [et_pb_line_break_holder] -->      <div class=\"itemnov\"><!-- [et_pb_line_break_holder] -->        <div class=\"textnov\"><!-- [et_pb_line_break_holder] -->          <p02>EVENTOS<\/p02><!\u2013- [et_pb_br_holder] -\u2013><!-- [et_pb_line_break_holder] -->          <p03>Todo o equipamento que precisa para organizar o seu evento: estruturas e palcos, som, multic\u00e2mara, backgrounds, ledwalls\u2026 Contacte-nos para mais informa\u00e7\u00f5es.<!-- [et_pb_line_break_holder] --> <\/p03><!\u2013- [et_pb_br_holder] -\u2013><!\u2013- [et_pb_br_holder] -\u2013><!-- [et_pb_line_break_holder] -->          <a href=\"https:\/\/www.colorama.pt\/orcamentos\/\" class=\"custom-btn p0\">SABER MAIS<\/a><!-- [et_pb_line_break_holder] -->          <!-- [et_pb_line_break_holder] -->        <\/div><!-- [et_pb_line_break_holder] -->      <\/div><!-- [et_pb_line_break_holder] -->    <\/div><!-- [et_pb_line_break_holder] -->  <\/div><!-- [et_pb_line_break_holder] --><\/div><!-- [et_pb_line_break_holder] --><!-- [et_pb_line_break_holder] --><style><!-- [et_pb_line_break_holder] -->  .fundo-blocos{<!-- [et_pb_line_break_holder] -->    background-image: linear-gradient(135deg, #492155, #223f62);<!-- [et_pb_line_break_holder] -->    padding:5% 0<!-- [et_pb_line_break_holder] -->  }<!-- [et_pb_line_break_holder] -->  .grid-containernov{<!-- [et_pb_line_break_holder] -->    display:grid;<!-- [et_pb_line_break_holder] -->    grid-template-columns: 49% 49%;<!-- [et_pb_line_break_holder] -->    gap:5% 2%;<!-- [et_pb_line_break_holder] -->    padding:0 5%;<!-- [et_pb_line_break_holder] -->  }<!-- [et_pb_line_break_holder] -->  <!-- [et_pb_line_break_holder] -->  .grid-containernovid{<!-- [et_pb_line_break_holder] -->    display:grid;<!-- [et_pb_line_break_holder] -->    grid-template-columns: 50% 50%;<!-- [et_pb_line_break_holder] -->    background-color:#383838;<!-- [et_pb_line_break_holder] -->     box-shadow: 0 4px 8px 0 rgba(0, 0, 0, 0.2), 0 6px 20px 0 rgba(0, 0, 0, 0.19);<!-- [et_pb_line_break_holder] -->    transition:transform .2s ease-out,-webkit-transform .2s ease-out;<!-- [et_pb_line_break_holder] -->  }<!-- [et_pb_line_break_holder] -->  .grid-containernovid:hover{<!-- [et_pb_line_break_holder] --> transform:scale(105%);<!-- [et_pb_line_break_holder] -->  }<!-- [et_pb_line_break_holder] -->  <!-- [et_pb_line_break_holder] -->  .img4{<!-- [et_pb_line_break_holder] -->    background-image:url(\"https:\/\/www.colorama.pt\/wp-content\/uploads\/2024\/02\/ESTUDIO-2024-7VI07600-Aprimorado-NR-copy.jpg\");<!-- [et_pb_line_break_holder] -->    background-size: cover;<!-- [et_pb_line_break_holder] -->    background-repeat: no-repeat;<!-- [et_pb_line_break_holder] -->    background-position-y: 60%;<!-- [et_pb_line_break_holder] -->    background-position-x: 60%;<!-- [et_pb_line_break_holder] -->    padding:40%;<!-- [et_pb_line_break_holder] -->  }<!-- [et_pb_line_break_holder] -->    .img5{<!-- [et_pb_line_break_holder] -->    background-image:url(\"https:\/\/www.colorama.pt\/wp-content\/uploads\/2024\/10\/COLORAMA-ALUGUER-EQUIPAMENTO.png\");<!-- [et_pb_line_break_holder] -->    background-size: cover;<!-- [et_pb_line_break_holder] -->    background-repeat: no-repeat;<!-- [et_pb_line_break_holder] -->    background-position-y: 60%;<!-- [et_pb_line_break_holder] -->    background-position-x: 60%;<!-- [et_pb_line_break_holder] -->    padding:40%;<!-- [et_pb_line_break_holder] -->  }<!-- [et_pb_line_break_holder] -->  .img1{<!-- [et_pb_line_break_holder] -->    background-image:url(\"https:\/\/www.colorama.pt\/wp-content\/uploads\/2024\/01\/ATLETISMO-DE-LISBOA-MEETING-MARIO-MONIZ-PEREIRA-2024-7VI04927-Aprimorado-NR.jpg\");<!-- [et_pb_line_break_holder] -->    background-size: cover;<!-- [et_pb_line_break_holder] -->    background-repeat: no-repeat;<!-- [et_pb_line_break_holder] -->    background-position-y: 60%;<!-- [et_pb_line_break_holder] -->    background-position-x: 60%;<!-- [et_pb_line_break_holder] -->    padding:40%;<!-- [et_pb_line_break_holder] -->  }<!-- [et_pb_line_break_holder] -->  .img2{<!-- [et_pb_line_break_holder] -->    background-image:url(\"https:\/\/www.colorama.pt\/wp-content\/uploads\/2023\/10\/29-GRAUS-PREMIOS-HOSPITAIS-PRIVADOS-2023-09521.jpg\");<!-- [et_pb_line_break_holder] -->    background-size: cover;<!-- [et_pb_line_break_holder] -->    background-repeat: no-repeat;<!-- [et_pb_line_break_holder] -->    background-position-y: 60%;<!-- [et_pb_line_break_holder] -->    background-position-x: 60%;<!-- [et_pb_line_break_holder] -->    padding:40%;<!-- [et_pb_line_break_holder] -->  }<!-- [et_pb_line_break_holder] -->  .textnov{<!-- [et_pb_line_break_holder] -->    padding:10% 5% 5% 5%;<!-- [et_pb_line_break_holder] -->  }<!-- [et_pb_line_break_holder] -->  p02{<!-- [et_pb_line_break_holder] -->    font-family:Montserrat Black;<!-- [et_pb_line_break_holder] -->    font-size:20px;<!-- [et_pb_line_break_holder] -->    color:#fcc00d;<!-- [et_pb_line_break_holder] -->  }<!-- [et_pb_line_break_holder] -->  p03{<!-- [et_pb_line_break_holder] -->    font-family:Montserrat regular;<!-- [et_pb_line_break_holder] -->    font-size:15px;<!-- [et_pb_line_break_holder] -->    color:#fff;<!-- [et_pb_line_break_holder] -->  }<!-- [et_pb_line_break_holder] -->  .lermais{<!-- [et_pb_line_break_holder] -->    font-family:Montserrat regular;<!-- [et_pb_line_break_holder] -->    font-size:15px;<!-- [et_pb_line_break_holder] -->    color:#fff;<!-- [et_pb_line_break_holder] -->    font-decoration:underline;<!-- [et_pb_line_break_holder] -->  }<!-- [et_pb_line_break_holder] -->  .lermais:hover{<!-- [et_pb_line_break_holder] -->    color:#fcc00d;<!-- [et_pb_line_break_holder] -->    text-decoration:underline;<!-- [et_pb_line_break_holder] -->  }<!-- [et_pb_line_break_holder] -->    .p0{<!-- [et_pb_line_break_holder] -->    z-index: 2;<!-- [et_pb_line_break_holder] -->    transition: all 0.3s ease;<!-- [et_pb_line_break_holder] -->    overflow: hidden;<!-- [et_pb_line_break_holder] -->  }<!-- [et_pb_line_break_holder] --><!-- [et_pb_line_break_holder] -->.custom-btn {<!-- [et_pb_line_break_holder] -->  color:#fcc00d;<!-- [et_pb_line_break_holder] -->  text-transform: uppercase;<!-- [et_pb_line_break_holder] -->  line-height:1.2;<!-- [et_pb_line_break_holder] -->  padding:2%;<!-- [et_pb_line_break_holder] -->  width: 100%;<!-- [et_pb_line_break_holder] -->  height: 10%;<!-- [et_pb_line_break_holder] -->  padding: 10px 25px;<!-- [et_pb_line_break_holder] -->  border: 1px solid #fcc00d;<!-- [et_pb_line_break_holder] -->  font-family: Montserrat Black;<!-- [et_pb_line_break_holder] -->  font-weight: 500;<!-- [et_pb_line_break_holder] -->  font-size:20px;<!-- [et_pb_line_break_holder] -->  background: transparent;<!-- [et_pb_line_break_holder] -->  cursor: pointer;<!-- [et_pb_line_break_holder] -->  transition: all 0.3s ease;<!-- [et_pb_line_break_holder] -->  position: relative;<!-- [et_pb_line_break_holder] -->  display: inline-block;<!-- [et_pb_line_break_holder] -->  text-align:center;<!-- [et_pb_line_break_holder] -->} <!-- [et_pb_line_break_holder] -->  <!-- [et_pb_line_break_holder] -->.p0:after {<!-- [et_pb_line_break_holder] -->  position: absolute;<!-- [et_pb_line_break_holder] -->  content: \" \";<!-- [et_pb_line_break_holder] -->  z-index: -1;<!-- [et_pb_line_break_holder] -->  top: 0;<!-- [et_pb_line_break_holder] -->  left: 0;<!-- [et_pb_line_break_holder] -->  width: 100%;<!-- [et_pb_line_break_holder] -->  height: 100%;<!-- [et_pb_line_break_holder] -->  transition: all 0.3s ease;<!-- [et_pb_line_break_holder] -->}<!-- [et_pb_line_break_holder] -->.p0:hover {<!-- [et_pb_line_break_holder] -->  color: #223f62;<!-- [et_pb_line_break_holder] -->}<!-- [et_pb_line_break_holder] -->.p0:hover:after {<!-- [et_pb_line_break_holder] -->  -webkit-transform: scale(2) rotate(180deg);<!-- [et_pb_line_break_holder] -->  transform: scale(2) rotate(180deg);<!-- [et_pb_line_break_holder] -->  background-color: #fcc00d;<!-- [et_pb_line_break_holder] --><!-- [et_pb_line_break_holder] -->}<!-- [et_pb_line_break_holder] --><\/style>[\/et_pb_code][\/et_pb_column][\/et_pb_row][\/et_pb_section]\n","protected":false},"excerpt":{"rendered":"","protected":false},"author":1,"featured_media":0,"parent":0,"menu_order":0,"comment_status":"closed","ping_status":"closed","template":"","meta":{"_et_pb_use_builder":"on","_et_pb_old_content":"","_et_gb_content_width":"","footnotes":""},"class_list":["post-321561","page","type-page","status-publish","hentry"],"yoast_head":"<!-- This site is optimized with the Yoast SEO plugin v27.4 - https:\/\/yoast.com\/product\/yoast-seo-wordpress\/ -->\n<title>Aluguer de equipamento e est\u00fadio<\/title>\n<meta name=\"description\" content=\"Alugue connosco equipamento de filmagem, fotografia e streaming. Temos tamb\u00e9m um est\u00fadio \u00e0 sua disposi\u00e7\u00e3o.\" \/>\n<meta name=\"robots\" content=\"index, follow, max-snippet:-1, max-image-preview:large, max-video-preview:-1\" \/>\n<link rel=\"canonical\" href=\"https:\/\/www.colorama.pt\/es\/aluguer\/\" \/>\n<meta property=\"og:locale\" content=\"es_ES\" \/>\n<meta property=\"og:type\" content=\"article\" \/>\n<meta property=\"og:title\" content=\"Aluguer de equipamento e est\u00fadio\" \/>\n<meta property=\"og:description\" content=\"Alugue connosco equipamento de filmagem, fotografia e streaming. Temos tamb\u00e9m um est\u00fadio \u00e0 sua disposi\u00e7\u00e3o.\" \/>\n<meta property=\"og:url\" content=\"https:\/\/www.colorama.pt\/es\/aluguer\/\" \/>\n<meta property=\"og:site_name\" content=\"Colorama\" \/>\n<meta property=\"article:publisher\" content=\"https:\/\/www.facebook.com\/coloramaaudiovisual\/\" \/>\n<meta property=\"article:modified_time\" content=\"2025-08-07T08:57:32+00:00\" \/>\n<meta property=\"og:image\" content=\"https:\/\/www.colorama.pt\/wp-content\/uploads\/2020\/10\/Logo-defenitivo-03-1.png\" \/>\n\t<meta property=\"og:image:width\" content=\"1915\" \/>\n\t<meta property=\"og:image:height\" content=\"1140\" \/>\n\t<meta property=\"og:image:type\" content=\"image\/png\" \/>\n<meta name=\"twitter:card\" content=\"summary_large_image\" \/>\n<meta name=\"twitter:label1\" content=\"Tiempo de lectura\" \/>\n\t<meta name=\"twitter:data1\" content=\"8 minutos\" \/>\n<script type=\"application\/ld+json\" class=\"yoast-schema-graph\">{\"@context\":\"https:\\\/\\\/schema.org\",\"@graph\":[{\"@type\":\"WebPage\",\"@id\":\"https:\\\/\\\/www.colorama.pt\\\/aluguer\\\/\",\"url\":\"https:\\\/\\\/www.colorama.pt\\\/aluguer\\\/\",\"name\":\"Aluguer de equipamento e est\u00fadio\",\"isPartOf\":{\"@id\":\"https:\\\/\\\/www.colorama.pt\\\/#website\"},\"datePublished\":\"2025-05-16T08:38:51+00:00\",\"dateModified\":\"2025-08-07T08:57:32+00:00\",\"description\":\"Alugue connosco equipamento de filmagem, fotografia e streaming. Temos tamb\u00e9m um est\u00fadio \u00e0 sua disposi\u00e7\u00e3o.\",\"breadcrumb\":{\"@id\":\"https:\\\/\\\/www.colorama.pt\\\/aluguer\\\/#breadcrumb\"},\"inLanguage\":\"es\",\"potentialAction\":[{\"@type\":\"ReadAction\",\"target\":[\"https:\\\/\\\/www.colorama.pt\\\/aluguer\\\/\"]}]},{\"@type\":\"BreadcrumbList\",\"@id\":\"https:\\\/\\\/www.colorama.pt\\\/aluguer\\\/#breadcrumb\",\"itemListElement\":[{\"@type\":\"ListItem\",\"position\":1,\"name\":\"Home\",\"item\":\"https:\\\/\\\/www.colorama.pt\\\/\"},{\"@type\":\"ListItem\",\"position\":2,\"name\":\"\u2022 Aluguer V2\"}]},{\"@type\":\"WebSite\",\"@id\":\"https:\\\/\\\/www.colorama.pt\\\/#website\",\"url\":\"https:\\\/\\\/www.colorama.pt\\\/\",\"name\":\"Colorama\",\"description\":\"Tudo o que precisa para a comunica\u00e7\u00e3o da sua empresa: v\u00eddeo, streaming, podcast, fotografia, design e aluguer de equipamento e est\u00fadio.\",\"publisher\":{\"@id\":\"https:\\\/\\\/www.colorama.pt\\\/#organization\"},\"potentialAction\":[{\"@type\":\"SearchAction\",\"target\":{\"@type\":\"EntryPoint\",\"urlTemplate\":\"https:\\\/\\\/www.colorama.pt\\\/?s={search_term_string}\"},\"query-input\":{\"@type\":\"PropertyValueSpecification\",\"valueRequired\":true,\"valueName\":\"search_term_string\"}}],\"inLanguage\":\"es\"},{\"@type\":\"Organization\",\"@id\":\"https:\\\/\\\/www.colorama.pt\\\/#organization\",\"name\":\"Colorama\",\"url\":\"https:\\\/\\\/www.colorama.pt\\\/\",\"logo\":{\"@type\":\"ImageObject\",\"inLanguage\":\"es\",\"@id\":\"https:\\\/\\\/www.colorama.pt\\\/#\\\/schema\\\/logo\\\/image\\\/\",\"url\":\"https:\\\/\\\/www.colorama.pt\\\/wp-content\\\/uploads\\\/2020\\\/07\\\/Logo-SIMBOLO-09-copy.png\",\"contentUrl\":\"https:\\\/\\\/www.colorama.pt\\\/wp-content\\\/uploads\\\/2020\\\/07\\\/Logo-SIMBOLO-09-copy.png\",\"width\":486,\"height\":489,\"caption\":\"Colorama\"},\"image\":{\"@id\":\"https:\\\/\\\/www.colorama.pt\\\/#\\\/schema\\\/logo\\\/image\\\/\"},\"sameAs\":[\"https:\\\/\\\/www.facebook.com\\\/coloramaaudiovisual\\\/\",\"https:\\\/\\\/www.linkedin.com\\\/company\\\/coloramacomunicacaoimagem\",\"https:\\\/\\\/www.instagram.com\\\/colorama_audiovisuais\\\/\"]}]}<\/script>\n<!-- \/ Yoast SEO plugin. -->","yoast_head_json":{"title":"Aluguer de equipamento e est\u00fadio","description":"Alugue connosco equipamento de filmagem, fotografia e streaming. Temos tamb\u00e9m um est\u00fadio \u00e0 sua disposi\u00e7\u00e3o.","robots":{"index":"index","follow":"follow","max-snippet":"max-snippet:-1","max-image-preview":"max-image-preview:large","max-video-preview":"max-video-preview:-1"},"canonical":"https:\/\/www.colorama.pt\/es\/aluguer\/","og_locale":"es_ES","og_type":"article","og_title":"Aluguer de equipamento e est\u00fadio","og_description":"Alugue connosco equipamento de filmagem, fotografia e streaming. Temos tamb\u00e9m um est\u00fadio \u00e0 sua disposi\u00e7\u00e3o.","og_url":"https:\/\/www.colorama.pt\/es\/aluguer\/","og_site_name":"Colorama","article_publisher":"https:\/\/www.facebook.com\/coloramaaudiovisual\/","article_modified_time":"2025-08-07T08:57:32+00:00","og_image":[{"width":1915,"height":1140,"url":"https:\/\/www.colorama.pt\/wp-content\/uploads\/2020\/10\/Logo-defenitivo-03-1.png","type":"image\/png"}],"twitter_card":"summary_large_image","twitter_misc":{"Tiempo de lectura":"8 minutos"},"schema":{"@context":"https:\/\/schema.org","@graph":[{"@type":"WebPage","@id":"https:\/\/www.colorama.pt\/aluguer\/","url":"https:\/\/www.colorama.pt\/aluguer\/","name":"Aluguer de equipamento e est\u00fadio","isPartOf":{"@id":"https:\/\/www.colorama.pt\/#website"},"datePublished":"2025-05-16T08:38:51+00:00","dateModified":"2025-08-07T08:57:32+00:00","description":"Alugue connosco equipamento de filmagem, fotografia e streaming. Temos tamb\u00e9m um est\u00fadio \u00e0 sua disposi\u00e7\u00e3o.","breadcrumb":{"@id":"https:\/\/www.colorama.pt\/aluguer\/#breadcrumb"},"inLanguage":"es","potentialAction":[{"@type":"ReadAction","target":["https:\/\/www.colorama.pt\/aluguer\/"]}]},{"@type":"BreadcrumbList","@id":"https:\/\/www.colorama.pt\/aluguer\/#breadcrumb","itemListElement":[{"@type":"ListItem","position":1,"name":"Home","item":"https:\/\/www.colorama.pt\/"},{"@type":"ListItem","position":2,"name":"\u2022 Aluguer V2"}]},{"@type":"WebSite","@id":"https:\/\/www.colorama.pt\/#website","url":"https:\/\/www.colorama.pt\/","name":"Colourama","description":"Todo lo que necesita para la comunicaci\u00f3n de su empresa: v\u00eddeo, streaming, podcast, fotograf\u00eda, dise\u00f1o y alquiler de equipos y estudios.","publisher":{"@id":"https:\/\/www.colorama.pt\/#organization"},"potentialAction":[{"@type":"SearchAction","target":{"@type":"EntryPoint","urlTemplate":"https:\/\/www.colorama.pt\/?s={search_term_string}"},"query-input":{"@type":"PropertyValueSpecification","valueRequired":true,"valueName":"search_term_string"}}],"inLanguage":"es"},{"@type":"Organization","@id":"https:\/\/www.colorama.pt\/#organization","name":"Colourama","url":"https:\/\/www.colorama.pt\/","logo":{"@type":"ImageObject","inLanguage":"es","@id":"https:\/\/www.colorama.pt\/#\/schema\/logo\/image\/","url":"https:\/\/www.colorama.pt\/wp-content\/uploads\/2020\/07\/Logo-SIMBOLO-09-copy.png","contentUrl":"https:\/\/www.colorama.pt\/wp-content\/uploads\/2020\/07\/Logo-SIMBOLO-09-copy.png","width":486,"height":489,"caption":"Colorama"},"image":{"@id":"https:\/\/www.colorama.pt\/#\/schema\/logo\/image\/"},"sameAs":["https:\/\/www.facebook.com\/coloramaaudiovisual\/","https:\/\/www.linkedin.com\/company\/coloramacomunicacaoimagem","https:\/\/www.instagram.com\/colorama_audiovisuais\/"]}]}},"_links":{"self":[{"href":"https:\/\/www.colorama.pt\/es\/wp-json\/wp\/v2\/pages\/321561","targetHints":{"allow":["GET"]}}],"collection":[{"href":"https:\/\/www.colorama.pt\/es\/wp-json\/wp\/v2\/pages"}],"about":[{"href":"https:\/\/www.colorama.pt\/es\/wp-json\/wp\/v2\/types\/page"}],"author":[{"embeddable":true,"href":"https:\/\/www.colorama.pt\/es\/wp-json\/wp\/v2\/users\/1"}],"replies":[{"embeddable":true,"href":"https:\/\/www.colorama.pt\/es\/wp-json\/wp\/v2\/comments?post=321561"}],"version-history":[{"count":50,"href":"https:\/\/www.colorama.pt\/es\/wp-json\/wp\/v2\/pages\/321561\/revisions"}],"predecessor-version":[{"id":321855,"href":"https:\/\/www.colorama.pt\/es\/wp-json\/wp\/v2\/pages\/321561\/revisions\/321855"}],"wp:attachment":[{"href":"https:\/\/www.colorama.pt\/es\/wp-json\/wp\/v2\/media?parent=321561"}],"curies":[{"name":"wp","href":"https:\/\/api.w.org\/{rel}","templated":true}]}}